{"id":199081,"date":"2023-07-24T07:08:43","date_gmt":"2023-07-24T05:08:43","guid":{"rendered":"https:\/\/www.radio-rum.de\/web\/?page_id=199081"},"modified":"2023-07-24T07:36:21","modified_gmt":"2023-07-24T05:36:21","slug":"podcasts","status":"publish","type":"page","link":"https:\/\/www.radio-rum.de\/web\/podcasts\/","title":{"rendered":"\u00dcbersicht \u00fcber unsere Podcasts"},"content":{"rendered":"<p>Du hast die M\u00f6glichkeit <a href=\"https:\/\/www.radio-rum.de\/web\/subscribe\/\">alle unsere Sendungen als Podcast zu abonnieren<\/a>, wenn du aber nur einzelne Sendungen abonnieren m\u00f6chtest, findet du hier die \u00dcbersicht \u00fcber alle unsere Podcastfeeds. Mit dem &#8220;Abonnieren&#8221;-Button k\u00f6nnen Sendungen bequem als Podcast abonniert werden.<\/p>\n \n<hr>\n    <div  class=\"podcast_show\" id=\"2spacechaserz\">\n        <h3>\n            <div class=\"subscribe\">\n            \n<script>window.podcastDatad28eac96e404d6 = {\"title\":\"2spacechaserz\",\"subtitle\":\"galactic retro-futurism\",\"description\":\"galactic retro-futurism\",\"cover\":\"https:\\\/\\\/www.radio-rum.de\\\/web\\\/podlove\\\/image\\\/68747470733a2f2f7777772e726164696f2d72756d2e64652f7765622f77702d636f6e74656e742f75706c6f6164732f323032342f30312f706f64636173746c6f676f2d72756d5f6c61686e2e6a7067\\\/400\\\/0\\\/0\\\/radio-unerhoert-marburg\",\"feeds\":[{\"type\":\"audio\",\"format\":\"mp3\",\"url\":\"https:\\\/\\\/www.radio-rum.de\\\/web\\\/show\\\/2spacechaserz\\\/feed\\\/mp3\\\/\",\"variant\":\"high\",\"directory-url-itunes\":\"https:\\\/\\\/podcasts.apple.com\\\/podcast\\\/id1441947321\"}]};<\/script>\n<script class=\"podlove-subscribe-button\" src=\"https:\/\/www.radio-rum.de\/web\/wp-content\/plugins\/podlove-podcasting-plugin-for-wordpress\/lib\/modules\/subscribe_button\/dist\/javascripts\/app.js\" data-json-data=\"podcastDatad28eac96e404d6\" data-language=\"de\" data-size=\"small\" data-format=\"cover\" data-style=\"filled\" data-color=\"#f59c27\"> <\/script>\n\n            <\/div>\n            <a href=\"\/show\/2spacechaserz\/\">2spacechaserz<\/a>\n        <\/h3>\n\n        <div class=\"subtitle\">galactic retro-futurism<\/div>\n        <p class=\"summary\">galactic retro-futurism<\/p>\n\n                                                                                                                                                                                                                                                                                                                                                                                                                                       <table>\n                <tbody>\n                                            <tr class=\"podcast_archive_element\">\n                            <td class=\"thumbnail\">\n                                \n<img loading=\"lazy\" decoding=\"async\" width=\"64\" height=\"64\" src=\"https:\/\/www.radio-rum.de\/web\/wp-content\/cache\/podlove\/33\/8dd5ffc8a54e1e77e7fdb78b53dbc0\/radio-unerhoert-marburg_64x64.jpg\" srcset=\"https:\/\/www.radio-rum.de\/web\/wp-content\/cache\/podlove\/33\/8dd5ffc8a54e1e77e7fdb78b53dbc0\/radio-unerhoert-marburg_64x64.jpg 1x, https:\/\/www.radio-rum.de\/web\/podlove\/image\/68747470733a2f2f7777772e726164696f2d72756d2e64652f7765622f77702d636f6e74656e742f75706c6f6164732f323032342f30312f706f64636173746c6f676f2d72756d5f6c61686e2e6a7067\/128\/0\/0\/radio-unerhoert-marburg 2x, https:\/\/www.radio-rum.de\/web\/podlove\/image\/68747470733a2f2f7777772e726164696f2d72756d2e64652f7765622f77702d636f6e74656e742f75706c6f6164732f323032342f30312f706f64636173746c6f676f2d72756d5f6c61686e2e6a7067\/192\/0\/0\/radio-unerhoert-marburg 3x\"\/>\n\n                            <\/td>\n                            <td class=\"date\">\n                                <span class=\"release_date\">\n                                    15. April 2026 23:00\n                                <\/span>\n                            <\/td>\n                            <td class=\"title\">\n                                <a href=\"https:\/\/www.radio-rum.de\/web\/podcast\/2spacechaserz-vom-15-04-2026\/\">\n                                    <strong>2spacechaserz vom 15.04.2026<\/strong><br>\n                                    \n                                <\/a>\n                            <\/td>\n                            <td class=\"duration\">\n                                                                1:00:00\n                            <\/td>\n                        <\/tr>\n                                    <\/tbody>\n            <\/table>\n            <\/div>\n \n<hr>\n    <div  class=\"podcast_show\" id=\"basic-musik\">\n        <h3>\n            <div class=\"subscribe\">\n            \n<script>window.podcastData9dc01479ad237a = {\"title\":\"Basic Musik\",\"subtitle\":\"Kollektivo Iberoamerikano\",\"description\":\"Musik ohne Grenzen, Protestmusik,\\r\\nInterviews und ungew\\u00f6hnliche Wiedergaben,\\r\\num nicht in die Monotonie des Standard-Radios zu fallen. Basic Musik hat sich mit viel Elan neu-aktiviert und behandelt politische und soziale Themen, die im allgemeinen Interesse liegen und die neue, frische oder schon vergessene Ideen bei den Zuh\\u00f6rern hervorrufen k\\u00f6nnen.\",\"cover\":\"https:\\\/\\\/www.radio-rum.de\\\/web\\\/podlove\\\/image\\\/68747470733a2f2f7777772e726164696f2d72756d2e64652f7765622f77702d636f6e74656e742f75706c6f6164732f323032342f30312f706f64636173746c6f676f2d72756d5f6c61686e2e6a7067\\\/400\\\/0\\\/0\\\/radio-unerhoert-marburg\",\"feeds\":[{\"type\":\"audio\",\"format\":\"mp3\",\"url\":\"https:\\\/\\\/www.radio-rum.de\\\/web\\\/show\\\/basic-musik\\\/feed\\\/mp3\\\/\",\"variant\":\"high\",\"directory-url-itunes\":\"https:\\\/\\\/podcasts.apple.com\\\/podcast\\\/id1441947321\"}]};<\/script>\n<script class=\"podlove-subscribe-button\" src=\"https:\/\/www.radio-rum.de\/web\/wp-content\/plugins\/podlove-podcasting-plugin-for-wordpress\/lib\/modules\/subscribe_button\/dist\/javascripts\/app.js\" data-json-data=\"podcastData9dc01479ad237a\" data-language=\"de\" data-size=\"small\" data-format=\"cover\" data-style=\"filled\" data-color=\"#f59c27\"> <\/script>\n\n            <\/div>\n            <a href=\"\/show\/basic-musik\/\">Basic Musik<\/a>\n        <\/h3>\n\n        <div class=\"subtitle\">Kollektivo Iberoamerikano<\/div>\n        <p class=\"summary\">Musik ohne Grenzen, Protestmusik,\r\nInterviews und ungew\u00f6hnliche Wiedergaben,\r\num nicht in die Monotonie des Standard-Radios zu fallen. Basic Musik hat sich mit viel Elan neu-aktiviert und behandelt politische und soziale Themen, die im allgemeinen Interesse liegen und die neue, frische oder schon vergessene Ideen bei den Zuh\u00f6rern hervorrufen k\u00f6nnen.<\/p>\n\n                                                                                                                                                                                                                                                                                                                                                                                                            <p><em>Derzeit ist keine Folge verf\u00fcgbar. Das liegt warscheinlich daran, dass wir unsere Sendungen immer nur 7 Tage als Podcast bereitstellen d\u00fcrfen. Wenn du den Podcast abonnierst, verpasst du keine Folge!<\/em><\/p>\n            <\/div>\n \n<hr>\n    <div  class=\"podcast_show\" id=\"benvenuti\">\n        <h3>\n            <div class=\"subscribe\">\n            \n<script>window.podcastDatafdadd583665f45 = {\"title\":\"Benvenuti\",\"subtitle\":\"un sabato italiano\",\"description\":\"Eine Sendung am Samstag, die \\u00fcberwiegend auf Italienisch ist, aber auch kurze Zusammenfassung der Beitr\\u00e4ge auf Deutsch bietet und\\u2026 Musik, auf Italienisch nat\\u00fcrlich!\\r\\n\\r\\nEs wird durch meine Moderation oder Interviews von Italien und Deutschland, aber auch von Europa und der Welt berichtet. Auch davon, wor\\u00fcber die Medien nicht immer berichten.\\r\\nSollten Sie Samstag nicht dabei sein k\\u00f6nnen, dann klicken Sie auf dem Podcast von \\u201eBenvenuti! Un sabato italiano\\u201c und sie werden immer bei Radio Libera \\u201eWillkommen!\\u201c sein.\",\"cover\":\"https:\\\/\\\/www.radio-rum.de\\\/web\\\/podlove\\\/image\\\/68747470733a2f2f7777772e726164696f2d72756d2e64652f7765622f77702d636f6e74656e742f75706c6f6164732f323032342f30312f706f64636173746c6f676f2d72756d5f6c61686e2e6a7067\\\/400\\\/0\\\/0\\\/radio-unerhoert-marburg\",\"feeds\":[{\"type\":\"audio\",\"format\":\"mp3\",\"url\":\"https:\\\/\\\/www.radio-rum.de\\\/web\\\/show\\\/benvenuti\\\/feed\\\/mp3\\\/\",\"variant\":\"high\",\"directory-url-itunes\":\"https:\\\/\\\/podcasts.apple.com\\\/podcast\\\/id1441947321\"}]};<\/script>\n<script class=\"podlove-subscribe-button\" src=\"https:\/\/www.radio-rum.de\/web\/wp-content\/plugins\/podlove-podcasting-plugin-for-wordpress\/lib\/modules\/subscribe_button\/dist\/javascripts\/app.js\" data-json-data=\"podcastDatafdadd583665f45\" data-language=\"de\" data-size=\"small\" data-format=\"cover\" data-style=\"filled\" data-color=\"#f59c27\"> <\/script>\n\n            <\/div>\n            <a href=\"\/show\/benvenuti\/\">Benvenuti<\/a>\n        <\/h3>\n\n        <div class=\"subtitle\">un sabato italiano<\/div>\n        <p class=\"summary\">Eine Sendung am Samstag, die \u00fcberwiegend auf Italienisch ist, aber auch kurze Zusammenfassung der Beitr\u00e4ge auf Deutsch bietet und\u2026 Musik, auf Italienisch nat\u00fcrlich!\r\n\r\nEs wird durch meine Moderation oder Interviews von Italien und Deutschland, aber auch von Europa und der Welt berichtet. Auch davon, wor\u00fcber die Medien nicht immer berichten.\r\nSollten Sie Samstag nicht dabei sein k\u00f6nnen, dann klicken Sie auf dem Podcast von \u201eBenvenuti! Un sabato italiano\u201c und sie werden immer bei Radio Libera \u201eWillkommen!\u201c sein.<\/p>\n\n                                                                                                                                                                                                                                                                                                                                                                                                                                       <table>\n                <tbody>\n                                            <tr class=\"podcast_archive_element\">\n                            <td class=\"thumbnail\">\n                                \n<img loading=\"lazy\" decoding=\"async\" width=\"64\" height=\"64\" src=\"https:\/\/www.radio-rum.de\/web\/wp-content\/cache\/podlove\/33\/8dd5ffc8a54e1e77e7fdb78b53dbc0\/radio-unerhoert-marburg_64x64.jpg\" srcset=\"https:\/\/www.radio-rum.de\/web\/wp-content\/cache\/podlove\/33\/8dd5ffc8a54e1e77e7fdb78b53dbc0\/radio-unerhoert-marburg_64x64.jpg 1x, https:\/\/www.radio-rum.de\/web\/podlove\/image\/68747470733a2f2f7777772e726164696f2d72756d2e64652f7765622f77702d636f6e74656e742f75706c6f6164732f323032342f30312f706f64636173746c6f676f2d72756d5f6c61686e2e6a7067\/128\/0\/0\/radio-unerhoert-marburg 2x, https:\/\/www.radio-rum.de\/web\/podlove\/image\/68747470733a2f2f7777772e726164696f2d72756d2e64652f7765622f77702d636f6e74656e742f75706c6f6164732f323032342f30312f706f64636173746c6f676f2d72756d5f6c61686e2e6a7067\/192\/0\/0\/radio-unerhoert-marburg 3x\"\/>\n\n                            <\/td>\n                            <td class=\"date\">\n                                <span class=\"release_date\">\n                                    25. April 2026 13:48\n                                <\/span>\n                            <\/td>\n                            <td class=\"title\">\n                                <a href=\"https:\/\/www.radio-rum.de\/web\/podcast\/benvenuti-vom-25-april-2026\/\">\n                                    <strong>Benvenuti! vom 25. April 2026<\/strong><br>\n                                    \n                                <\/a>\n                            <\/td>\n                            <td class=\"duration\">\n                                                                0:59:59\n                            <\/td>\n                        <\/tr>\n                                    <\/tbody>\n            <\/table>\n            <\/div>\n \n<hr>\n    <div  class=\"podcast_show\" id=\"deepdive\">\n        <h3>\n            <div class=\"subscribe\">\n            \n<script>window.podcastData4d94f79567028e = {\"title\":\"Deepdive\",\"subtitle\":\"Freies Radio f\\u00fcr Marburg auf 90,1 MHz\",\"description\":\"Sendungen aus dem Radioprogramm von Radio Unerh\\u00f6rt Marburg.\\r\\n\\r\\nAus rechtlichen Gr\\u00fcnden stehen Podcasts nur 7 Tage ab Ausstrahlung zur Verf\\u00fcgung.\",\"cover\":\"https:\\\/\\\/www.radio-rum.de\\\/web\\\/podlove\\\/image\\\/68747470733a2f2f7777772e726164696f2d72756d2e64652f7765622f77702d636f6e74656e742f75706c6f6164732f323032342f30312f706f64636173746c6f676f2d72756d5f6c61686e2e6a7067\\\/400\\\/0\\\/0\\\/radio-unerhoert-marburg\",\"feeds\":[{\"type\":\"audio\",\"format\":\"mp3\",\"url\":\"https:\\\/\\\/www.radio-rum.de\\\/web\\\/show\\\/deepdive\\\/feed\\\/mp3\\\/\",\"variant\":\"high\",\"directory-url-itunes\":\"https:\\\/\\\/podcasts.apple.com\\\/podcast\\\/id1441947321\"}]};<\/script>\n<script class=\"podlove-subscribe-button\" src=\"https:\/\/www.radio-rum.de\/web\/wp-content\/plugins\/podlove-podcasting-plugin-for-wordpress\/lib\/modules\/subscribe_button\/dist\/javascripts\/app.js\" data-json-data=\"podcastData4d94f79567028e\" data-language=\"de\" data-size=\"small\" data-format=\"cover\" data-style=\"filled\" data-color=\"#f59c27\"> <\/script>\n\n            <\/div>\n            <a href=\"\/show\/deepdive\/\">Deepdive<\/a>\n        <\/h3>\n\n        <div class=\"subtitle\"><\/div>\n        <p class=\"summary\"><\/p>\n\n                                                                                                                                                                                                                                                                                                                                                                                                                                       <table>\n                <tbody>\n                                            <tr class=\"podcast_archive_element\">\n                            <td class=\"thumbnail\">\n                                \n<img loading=\"lazy\" decoding=\"async\" width=\"64\" height=\"64\" src=\"https:\/\/www.radio-rum.de\/web\/wp-content\/cache\/podlove\/33\/8dd5ffc8a54e1e77e7fdb78b53dbc0\/radio-unerhoert-marburg_64x64.jpg\" srcset=\"https:\/\/www.radio-rum.de\/web\/wp-content\/cache\/podlove\/33\/8dd5ffc8a54e1e77e7fdb78b53dbc0\/radio-unerhoert-marburg_64x64.jpg 1x, https:\/\/www.radio-rum.de\/web\/podlove\/image\/68747470733a2f2f7777772e726164696f2d72756d2e64652f7765622f77702d636f6e74656e742f75706c6f6164732f323032342f30312f706f64636173746c6f676f2d72756d5f6c61686e2e6a7067\/128\/0\/0\/radio-unerhoert-marburg 2x, https:\/\/www.radio-rum.de\/web\/podlove\/image\/68747470733a2f2f7777772e726164696f2d72756d2e64652f7765622f77702d636f6e74656e742f75706c6f6164732f323032342f30312f706f64636173746c6f676f2d72756d5f6c61686e2e6a7067\/192\/0\/0\/radio-unerhoert-marburg 3x\"\/>\n\n                            <\/td>\n                            <td class=\"date\">\n                                <span class=\"release_date\">\n                                    20. April 2026 21:25\n                                <\/span>\n                            <\/td>\n                            <td class=\"title\">\n                                <a href=\"https:\/\/www.radio-rum.de\/web\/podcast\/querbeat-vom-20-04-2026\/\">\n                                    <strong>Querbeat vom 20.04.2026<\/strong><br>\n                                    \n                                <\/a>\n                            <\/td>\n                            <td class=\"duration\">\n                                                                1:47:21\n                            <\/td>\n                        <\/tr>\n                                    <\/tbody>\n            <\/table>\n            <\/div>\n \n<hr>\n    <div  class=\"podcast_show\" id=\"die-schwarze-zone\">\n        <h3>\n            <div class=\"subscribe\">\n            \n<script>window.podcastDatae9baf06fe8b321 = {\"title\":\"Die schwarze Zone\",\"subtitle\":\"EBM, Wave, Gothic Rock\",\"description\":\"Wenn du zu den Menschen geh\\u00f6rst, die Musik auch gerne in dunklen, nebligen Kellergew\\u00f6lben h\\u00f6ren, bist du hier richtig. Darkwave, EBM und Gothic bis zu Klassikern aus den Anf\\u00e4ngen der elektronischen Musik erwarten dich hier.\",\"cover\":\"https:\\\/\\\/www.radio-rum.de\\\/web\\\/podlove\\\/image\\\/68747470733a2f2f7777772e726164696f2d72756d2e64652f7765622f77702d636f6e74656e742f75706c6f6164732f323032342f30312f706f64636173746c6f676f2d72756d5f6c61686e2e6a7067\\\/400\\\/0\\\/0\\\/radio-unerhoert-marburg\",\"feeds\":[{\"type\":\"audio\",\"format\":\"mp3\",\"url\":\"https:\\\/\\\/www.radio-rum.de\\\/web\\\/show\\\/die-schwarze-zone\\\/feed\\\/mp3\\\/\",\"variant\":\"high\",\"directory-url-itunes\":\"https:\\\/\\\/podcasts.apple.com\\\/podcast\\\/id1441947321\"}]};<\/script>\n<script class=\"podlove-subscribe-button\" src=\"https:\/\/www.radio-rum.de\/web\/wp-content\/plugins\/podlove-podcasting-plugin-for-wordpress\/lib\/modules\/subscribe_button\/dist\/javascripts\/app.js\" data-json-data=\"podcastDatae9baf06fe8b321\" data-language=\"de\" data-size=\"small\" data-format=\"cover\" data-style=\"filled\" data-color=\"#f59c27\"> <\/script>\n\n            <\/div>\n            <a href=\"\/show\/die-schwarze-zone\/\">Die schwarze Zone<\/a>\n        <\/h3>\n\n        <div class=\"subtitle\">EBM, Wave, Gothic Rock<\/div>\n        <p class=\"summary\">Wenn du zu den Menschen geh\u00f6rst, die Musik auch gerne in dunklen, nebligen Kellergew\u00f6lben h\u00f6ren, bist du hier richtig. Darkwave, EBM und Gothic bis zu Klassikern aus den Anf\u00e4ngen der elektronischen Musik erwarten dich hier.<\/p>\n\n                                                                                                                                                                                                                                                                                                                                                                                                                                       <table>\n                <tbody>\n                                            <tr class=\"podcast_archive_element\">\n                            <td class=\"thumbnail\">\n                                \n<img loading=\"lazy\" decoding=\"async\" width=\"64\" height=\"64\" src=\"https:\/\/www.radio-rum.de\/web\/wp-content\/cache\/podlove\/33\/8dd5ffc8a54e1e77e7fdb78b53dbc0\/radio-unerhoert-marburg_64x64.jpg\" srcset=\"https:\/\/www.radio-rum.de\/web\/wp-content\/cache\/podlove\/33\/8dd5ffc8a54e1e77e7fdb78b53dbc0\/radio-unerhoert-marburg_64x64.jpg 1x, https:\/\/www.radio-rum.de\/web\/podlove\/image\/68747470733a2f2f7777772e726164696f2d72756d2e64652f7765622f77702d636f6e74656e742f75706c6f6164732f323032342f30312f706f64636173746c6f676f2d72756d5f6c61686e2e6a7067\/128\/0\/0\/radio-unerhoert-marburg 2x, https:\/\/www.radio-rum.de\/web\/podlove\/image\/68747470733a2f2f7777772e726164696f2d72756d2e64652f7765622f77702d636f6e74656e742f75706c6f6164732f323032342f30312f706f64636173746c6f676f2d72756d5f6c61686e2e6a7067\/192\/0\/0\/radio-unerhoert-marburg 3x\"\/>\n\n                            <\/td>\n                            <td class=\"date\">\n                                <span class=\"release_date\">\n                                    18. April 2026 0:24\n                                <\/span>\n                            <\/td>\n                            <td class=\"title\">\n                                <a href=\"https:\/\/www.radio-rum.de\/web\/podcast\/die-schwarze-zone-vom-17-04-2026\/\">\n                                    <strong>Die schwarze Zone vom 17.04.2026<\/strong><br>\n                                    \n                                <\/a>\n                            <\/td>\n                            <td class=\"duration\">\n                                                                1:59:59\n                            <\/td>\n                        <\/tr>\n                                    <\/tbody>\n            <\/table>\n            <\/div>\n \n<hr>\n    <div  class=\"podcast_show\" id=\"dreadheadz-dub-reggae\">\n        <h3>\n            <div class=\"subscribe\">\n            \n<script>window.podcastData6007f761612d17 = {\"title\":\"Dreadheadz DUB &amp;amp; Reggae\",\"subtitle\":\"Freies Radio f\\u00fcr Marburg auf 90,1 MHz\",\"description\":\"Sendungen aus dem Radioprogramm von Radio Unerh\\u00f6rt Marburg.\\r\\n\\r\\nAus rechtlichen Gr\\u00fcnden stehen Podcasts nur 7 Tage ab Ausstrahlung zur Verf\\u00fcgung.\",\"cover\":\"https:\\\/\\\/www.radio-rum.de\\\/web\\\/podlove\\\/image\\\/68747470733a2f2f7777772e726164696f2d72756d2e64652f7765622f77702d636f6e74656e742f75706c6f6164732f323032342f30312f706f64636173746c6f676f2d72756d5f6c61686e2e6a7067\\\/400\\\/0\\\/0\\\/radio-unerhoert-marburg\",\"feeds\":[{\"type\":\"audio\",\"format\":\"mp3\",\"url\":\"https:\\\/\\\/www.radio-rum.de\\\/web\\\/show\\\/dreadheadz-dub-reggae\\\/feed\\\/mp3\\\/\",\"variant\":\"high\",\"directory-url-itunes\":\"https:\\\/\\\/podcasts.apple.com\\\/podcast\\\/id1441947321\"}]};<\/script>\n<script class=\"podlove-subscribe-button\" src=\"https:\/\/www.radio-rum.de\/web\/wp-content\/plugins\/podlove-podcasting-plugin-for-wordpress\/lib\/modules\/subscribe_button\/dist\/javascripts\/app.js\" data-json-data=\"podcastData6007f761612d17\" data-language=\"de\" data-size=\"small\" data-format=\"cover\" data-style=\"filled\" data-color=\"#f59c27\"> <\/script>\n\n            <\/div>\n            <a href=\"\/show\/dreadheadz-dub-reggae\/\">Dreadheadz DUB &amp; Reggae<\/a>\n        <\/h3>\n\n        <div class=\"subtitle\"><\/div>\n        <p class=\"summary\"><\/p>\n\n                                                                                                                                                                                                                                                                                                                                                                                                                                       <table>\n                <tbody>\n                                            <tr class=\"podcast_archive_element\">\n                            <td class=\"thumbnail\">\n                                \n<img loading=\"lazy\" decoding=\"async\" width=\"64\" height=\"64\" src=\"https:\/\/www.radio-rum.de\/web\/wp-content\/cache\/podlove\/33\/8dd5ffc8a54e1e77e7fdb78b53dbc0\/radio-unerhoert-marburg_64x64.jpg\" srcset=\"https:\/\/www.radio-rum.de\/web\/wp-content\/cache\/podlove\/33\/8dd5ffc8a54e1e77e7fdb78b53dbc0\/radio-unerhoert-marburg_64x64.jpg 1x, https:\/\/www.radio-rum.de\/web\/podlove\/image\/68747470733a2f2f7777772e726164696f2d72756d2e64652f7765622f77702d636f6e74656e742f75706c6f6164732f323032342f30312f706f64636173746c6f676f2d72756d5f6c61686e2e6a7067\/128\/0\/0\/radio-unerhoert-marburg 2x, https:\/\/www.radio-rum.de\/web\/podlove\/image\/68747470733a2f2f7777772e726164696f2d72756d2e64652f7765622f77702d636f6e74656e742f75706c6f6164732f323032342f30312f706f64636173746c6f676f2d72756d5f6c61686e2e6a7067\/192\/0\/0\/radio-unerhoert-marburg 3x\"\/>\n\n                            <\/td>\n                            <td class=\"date\">\n                                <span class=\"release_date\">\n                                    17. April 2026 0:00\n                                <\/span>\n                            <\/td>\n                            <td class=\"title\">\n                                <a href=\"https:\/\/www.radio-rum.de\/web\/podcast\/dreadheadz-dub-reggae-vom-16-04-2026\/\">\n                                    <strong>Dreadheadz, Dub &#038; Reggae vom 16.04.2026<\/strong><br>\n                                    \n                                <\/a>\n                            <\/td>\n                            <td class=\"duration\">\n                                                                1:59:58\n                            <\/td>\n                        <\/tr>\n                                    <\/tbody>\n            <\/table>\n            <\/div>\n \n<hr>\n    <div  class=\"podcast_show\" id=\"einzelsendungen\">\n        <h3>\n            <div class=\"subscribe\">\n            \n<script>window.podcastDataa2e37c27774181 = {\"title\":\"Einzelsendungen\",\"subtitle\":\"Freies Radio f\\u00fcr Marburg auf 90,1 MHz\",\"description\":\"Sendungen aus dem Radioprogramm von Radio Unerh\\u00f6rt Marburg.\\r\\n\\r\\nAus rechtlichen Gr\\u00fcnden stehen Podcasts nur 7 Tage ab Ausstrahlung zur Verf\\u00fcgung.\",\"cover\":\"https:\\\/\\\/www.radio-rum.de\\\/web\\\/podlove\\\/image\\\/68747470733a2f2f7777772e726164696f2d72756d2e64652f7765622f77702d636f6e74656e742f75706c6f6164732f323032342f30312f706f64636173746c6f676f2d72756d5f6c61686e2e6a7067\\\/400\\\/0\\\/0\\\/radio-unerhoert-marburg\",\"feeds\":[{\"type\":\"audio\",\"format\":\"mp3\",\"url\":\"https:\\\/\\\/www.radio-rum.de\\\/web\\\/show\\\/einzelsendungen\\\/feed\\\/mp3\\\/\",\"variant\":\"high\",\"directory-url-itunes\":\"https:\\\/\\\/podcasts.apple.com\\\/podcast\\\/id1441947321\"}]};<\/script>\n<script class=\"podlove-subscribe-button\" src=\"https:\/\/www.radio-rum.de\/web\/wp-content\/plugins\/podlove-podcasting-plugin-for-wordpress\/lib\/modules\/subscribe_button\/dist\/javascripts\/app.js\" data-json-data=\"podcastDataa2e37c27774181\" data-language=\"de\" data-size=\"small\" data-format=\"cover\" data-style=\"filled\" data-color=\"#f59c27\"> <\/script>\n\n            <\/div>\n            <a href=\"\/show\/einzelsendungen\/\">Einzelsendungen<\/a>\n        <\/h3>\n\n        <div class=\"subtitle\"><\/div>\n        <p class=\"summary\"><\/p>\n\n                                                                                                                                                                                                                                                                                                                                                                                                                                       <table>\n                <tbody>\n                                            <tr class=\"podcast_archive_element\">\n                            <td class=\"thumbnail\">\n                                \n<img loading=\"lazy\" decoding=\"async\" width=\"64\" height=\"64\" src=\"https:\/\/www.radio-rum.de\/web\/wp-content\/cache\/podlove\/33\/8dd5ffc8a54e1e77e7fdb78b53dbc0\/radio-unerhoert-marburg_64x64.jpg\" srcset=\"https:\/\/www.radio-rum.de\/web\/wp-content\/cache\/podlove\/33\/8dd5ffc8a54e1e77e7fdb78b53dbc0\/radio-unerhoert-marburg_64x64.jpg 1x, https:\/\/www.radio-rum.de\/web\/podlove\/image\/68747470733a2f2f7777772e726164696f2d72756d2e64652f7765622f77702d636f6e74656e742f75706c6f6164732f323032342f30312f706f64636173746c6f676f2d72756d5f6c61686e2e6a7067\/128\/0\/0\/radio-unerhoert-marburg 2x, https:\/\/www.radio-rum.de\/web\/podlove\/image\/68747470733a2f2f7777772e726164696f2d72756d2e64652f7765622f77702d636f6e74656e742f75706c6f6164732f323032342f30312f706f64636173746c6f676f2d72756d5f6c61686e2e6a7067\/192\/0\/0\/radio-unerhoert-marburg 3x\"\/>\n\n                            <\/td>\n                            <td class=\"date\">\n                                <span class=\"release_date\">\n                                    22. April 2026 16:51\n                                <\/span>\n                            <\/td>\n                            <td class=\"title\">\n                                <a href=\"https:\/\/www.radio-rum.de\/web\/podcast\/radio-soup-vom-21-04-2026\/\">\n                                    <strong>Radio Soup! vom 21.04.2026<\/strong><br>\n                                    \n                                <\/a>\n                            <\/td>\n                            <td class=\"duration\">\n                                                                1:59:55\n                            <\/td>\n                        <\/tr>\n                                    <\/tbody>\n            <\/table>\n            <\/div>\n \n<hr>\n    <div  class=\"podcast_show\" id=\"electronic-getaways\">\n        <h3>\n            <div class=\"subscribe\">\n            \n<script>window.podcastDataa0ac1f78da4ee6 = {\"title\":\"Electronic getaways\",\"subtitle\":\"Freies Radio f\\u00fcr Marburg auf 90,1 MHz\",\"description\":\"Sendungen aus dem Radioprogramm von Radio Unerh\\u00f6rt Marburg.\\r\\n\\r\\nAus rechtlichen Gr\\u00fcnden stehen Podcasts nur 7 Tage ab Ausstrahlung zur Verf\\u00fcgung.\",\"cover\":\"https:\\\/\\\/www.radio-rum.de\\\/web\\\/podlove\\\/image\\\/68747470733a2f2f7777772e726164696f2d72756d2e64652f7765622f77702d636f6e74656e742f75706c6f6164732f323032342f30312f706f64636173746c6f676f2d72756d5f6c61686e2e6a7067\\\/400\\\/0\\\/0\\\/radio-unerhoert-marburg\",\"feeds\":[{\"type\":\"audio\",\"format\":\"mp3\",\"url\":\"https:\\\/\\\/www.radio-rum.de\\\/web\\\/show\\\/electronic-getaways\\\/feed\\\/mp3\\\/\",\"variant\":\"high\",\"directory-url-itunes\":\"https:\\\/\\\/podcasts.apple.com\\\/podcast\\\/id1441947321\"}]};<\/script>\n<script class=\"podlove-subscribe-button\" src=\"https:\/\/www.radio-rum.de\/web\/wp-content\/plugins\/podlove-podcasting-plugin-for-wordpress\/lib\/modules\/subscribe_button\/dist\/javascripts\/app.js\" data-json-data=\"podcastDataa0ac1f78da4ee6\" data-language=\"de\" data-size=\"small\" data-format=\"cover\" data-style=\"filled\" data-color=\"#f59c27\"> <\/script>\n\n            <\/div>\n            <a href=\"\/show\/electronic-getaways\/\">Electronic getaways<\/a>\n        <\/h3>\n\n        <div class=\"subtitle\"><\/div>\n        <p class=\"summary\"><\/p>\n\n                                                                                                                                                                                                                                                                                                                                                                                                            <p><em>Derzeit ist keine Folge verf\u00fcgbar. Das liegt warscheinlich daran, dass wir unsere Sendungen immer nur 7 Tage als Podcast bereitstellen d\u00fcrfen. Wenn du den Podcast abonnierst, verpasst du keine Folge!<\/em><\/p>\n            <\/div>\n \n<hr>\n    <div  class=\"podcast_show\" id=\"fruehschicht\">\n        <h3>\n            <div class=\"subscribe\">\n            \n<script>window.podcastDatae0a5f0433a4fb2 = {\"title\":\"Fr\\u00fchschicht\",\"subtitle\":\"das Morgenmagazin auf Radio Unerh\\u00f6rt Marburg\",\"description\":\"Das ist die witzisch-informativ-poliddisch-aktuelle 2-Stunden-Live-Breitseite auf RUM\",\"cover\":\"https:\\\/\\\/www.radio-rum.de\\\/web\\\/podlove\\\/image\\\/68747470733a2f2f7777772e726164696f2d72756d2e64652f7765622f77702d636f6e74656e742f75706c6f6164732f323032342f30312f706f64636173746c6f676f2d72756d5f6c61686e2e6a7067\\\/400\\\/0\\\/0\\\/radio-unerhoert-marburg\",\"feeds\":[{\"type\":\"audio\",\"format\":\"mp3\",\"url\":\"https:\\\/\\\/www.radio-rum.de\\\/web\\\/show\\\/fruehschicht\\\/feed\\\/mp3\\\/\",\"variant\":\"high\",\"directory-url-itunes\":\"https:\\\/\\\/podcasts.apple.com\\\/podcast\\\/id1441947321\"}]};<\/script>\n<script class=\"podlove-subscribe-button\" src=\"https:\/\/www.radio-rum.de\/web\/wp-content\/plugins\/podlove-podcasting-plugin-for-wordpress\/lib\/modules\/subscribe_button\/dist\/javascripts\/app.js\" data-json-data=\"podcastDatae0a5f0433a4fb2\" data-language=\"de\" data-size=\"small\" data-format=\"cover\" data-style=\"filled\" data-color=\"#f59c27\"> <\/script>\n\n            <\/div>\n            <a href=\"\/show\/fruehschicht\/\">Fr\u00fchschicht<\/a>\n        <\/h3>\n\n        <div class=\"subtitle\">das Morgenmagazin auf Radio Unerh\u00f6rt Marburg<\/div>\n        <p class=\"summary\">Das ist die witzisch-informativ-poliddisch-aktuelle 2-Stunden-Live-Breitseite auf RUM<\/p>\n\n                                                                                                                                                                                                                                                                                                                                                                                                            <p><em>Derzeit ist keine Folge verf\u00fcgbar. Das liegt warscheinlich daran, dass wir unsere Sendungen immer nur 7 Tage als Podcast bereitstellen d\u00fcrfen. Wenn du den Podcast abonnierst, verpasst du keine Folge!<\/em><\/p>\n            <\/div>\n \n<hr>\n    <div  class=\"podcast_show\" id=\"hoellenlaerm\">\n        <h3>\n            <div class=\"subscribe\">\n            \n<script>window.podcastData627583ed083ab1 = {\"title\":\"H\\u00f6llenl\\u00e4rm\",\"subtitle\":\"Das Metalmagazin\",\"description\":\"Wir suchen immer Metalbands, die uns ihre Promos zuschicken, um sie bei uns in der Sendung vorzustellen. Nat\\u00fcrlich k\\u00f6nnt ihr auchmal f\\u00fcr eine 2-St\\u00fcndige\\r\\nInterviewsendung zu uns in Studio kommen.\",\"cover\":\"https:\\\/\\\/www.radio-rum.de\\\/web\\\/podlove\\\/image\\\/68747470733a2f2f7777772e726164696f2d72756d2e64652f7765622f77702d636f6e74656e742f75706c6f6164732f323032342f30312f706f64636173746c6f676f2d72756d5f6c61686e2e6a7067\\\/400\\\/0\\\/0\\\/radio-unerhoert-marburg\",\"feeds\":[{\"type\":\"audio\",\"format\":\"mp3\",\"url\":\"https:\\\/\\\/www.radio-rum.de\\\/web\\\/show\\\/hoellenlaerm\\\/feed\\\/mp3\\\/\",\"variant\":\"high\",\"directory-url-itunes\":\"https:\\\/\\\/podcasts.apple.com\\\/podcast\\\/id1441947321\"}]};<\/script>\n<script class=\"podlove-subscribe-button\" src=\"https:\/\/www.radio-rum.de\/web\/wp-content\/plugins\/podlove-podcasting-plugin-for-wordpress\/lib\/modules\/subscribe_button\/dist\/javascripts\/app.js\" data-json-data=\"podcastData627583ed083ab1\" data-language=\"de\" data-size=\"small\" data-format=\"cover\" data-style=\"filled\" data-color=\"#f59c27\"> <\/script>\n\n            <\/div>\n            <a href=\"\/show\/hoellenlaerm\/\">H\u00f6llenl\u00e4rm<\/a>\n        <\/h3>\n\n        <div class=\"subtitle\">Das Metalmagazin<\/div>\n        <p class=\"summary\">Wir suchen immer Metalbands, die uns ihre Promos zuschicken, um sie bei uns in der Sendung vorzustellen. Nat\u00fcrlich k\u00f6nnt ihr auchmal f\u00fcr eine 2-St\u00fcndige\r\nInterviewsendung zu uns in Studio kommen.<\/p>\n\n                                                                                                                                                                                                                                                                                                                                                                                                            <p><em>Derzeit ist keine Folge verf\u00fcgbar. Das liegt warscheinlich daran, dass wir unsere Sendungen immer nur 7 Tage als Podcast bereitstellen d\u00fcrfen. Wenn du den Podcast abonnierst, verpasst du keine Folge!<\/em><\/p>\n            <\/div>\n \n<hr>\n    <div  class=\"podcast_show\" id=\"jazz-zeit\">\n        <h3>\n            <div class=\"subscribe\">\n            \n<script>window.podcastDataadf1cb2fb1922c = {\"title\":\"Jazz-Zeit\",\"subtitle\":\"Neues aus der kreativen Musik\",\"description\":\"Die Jazz-Zeit ist die Jazzsendung von Radio Unerh\\u00f6rt seit Sendebeginn.\\r\\nJe Ausgabe werden sieben aktuelle CDs vorgestellt.\\u00a0 Entsprechend unserer Plattform greife ich auch nicht-musikimmanente Aspekte auf.\\u00a0 Die Sendung kann so auch von Nicht-Jazzern geh\\u00f6rt werden.\\u00a0 Mehrere Menschen bezeichneten sie schon als ertr\\u00e4glich :-) Konzerte vor Ort werden angek\\u00fcndigt.\\r\\n\\r\\nDas Spektrum innerhalb des Jazz ist breit, die Sendung daher sehr abwechslungsreich:\\u00a0 Freie Improvisation, Blues, Straight Ahead, World Jazz, Jazzrock, Big Band, Vocal Jazz, manchmal Klassik bzw.\\u00a0 Neue Musik - in der Regel ohne Spoken Word.\\u00a0\\u00a0 Meist stammen die Tontr\\u00e4ger (keine Downloads) von unabh\\u00e4ngigen Firmen, oft sind die K\\u00fcnstlerInnen noch nicht so bekannt.\\u00a0 Man kann die Sendung auch nur wegen der Musik h\\u00f6ren, wenn man sich keine Namen merken will.\",\"cover\":\"https:\\\/\\\/www.radio-rum.de\\\/web\\\/podlove\\\/image\\\/68747470733a2f2f7777772e726164696f2d72756d2e64652f7765622f77702d636f6e74656e742f75706c6f6164732f323032342f30312f706f64636173746c6f676f2d72756d5f6c61686e2e6a7067\\\/400\\\/0\\\/0\\\/radio-unerhoert-marburg\",\"feeds\":[{\"type\":\"audio\",\"format\":\"mp3\",\"url\":\"https:\\\/\\\/www.radio-rum.de\\\/web\\\/show\\\/jazz-zeit\\\/feed\\\/mp3\\\/\",\"variant\":\"high\",\"directory-url-itunes\":\"https:\\\/\\\/podcasts.apple.com\\\/podcast\\\/id1441947321\"}]};<\/script>\n<script class=\"podlove-subscribe-button\" src=\"https:\/\/www.radio-rum.de\/web\/wp-content\/plugins\/podlove-podcasting-plugin-for-wordpress\/lib\/modules\/subscribe_button\/dist\/javascripts\/app.js\" data-json-data=\"podcastDataadf1cb2fb1922c\" data-language=\"de\" data-size=\"small\" data-format=\"cover\" data-style=\"filled\" data-color=\"#f59c27\"> <\/script>\n\n            <\/div>\n            <a href=\"\/show\/jazz-zeit\/\">Jazz-Zeit<\/a>\n        <\/h3>\n\n        <div class=\"subtitle\">Neues aus der kreativen Musik<\/div>\n        <p class=\"summary\">Die Jazz-Zeit ist die Jazzsendung von Radio Unerh\u00f6rt seit Sendebeginn.\r\nJe Ausgabe werden sieben aktuelle CDs vorgestellt.\u00a0 Entsprechend unserer Plattform greife ich auch nicht-musikimmanente Aspekte auf.\u00a0 Die Sendung kann so auch von Nicht-Jazzern geh\u00f6rt werden.\u00a0 Mehrere Menschen bezeichneten sie schon als ertr\u00e4glich \ud83d\ude42 Konzerte vor Ort werden angek\u00fcndigt.\r\n\r\nDas Spektrum innerhalb des Jazz ist breit, die Sendung daher sehr abwechslungsreich:\u00a0 Freie Improvisation, Blues, Straight Ahead, World Jazz, Jazzrock, Big Band, Vocal Jazz, manchmal Klassik bzw.\u00a0 Neue Musik - in der Regel ohne Spoken Word.\u00a0\u00a0 Meist stammen die Tontr\u00e4ger (keine Downloads) von unabh\u00e4ngigen Firmen, oft sind die K\u00fcnstlerInnen noch nicht so bekannt.\u00a0 Man kann die Sendung auch nur wegen der Musik h\u00f6ren, wenn man sich keine Namen merken will.<\/p>\n\n                                                                                                                                                                                                                                                                                                                                                                                                                                                                                                                           <table>\n                <tbody>\n                                            <tr class=\"podcast_archive_element\">\n                            <td class=\"thumbnail\">\n                                \n<img loading=\"lazy\" decoding=\"async\" width=\"64\" height=\"64\" src=\"https:\/\/www.radio-rum.de\/web\/wp-content\/cache\/podlove\/33\/8dd5ffc8a54e1e77e7fdb78b53dbc0\/radio-unerhoert-marburg_64x64.jpg\" srcset=\"https:\/\/www.radio-rum.de\/web\/wp-content\/cache\/podlove\/33\/8dd5ffc8a54e1e77e7fdb78b53dbc0\/radio-unerhoert-marburg_64x64.jpg 1x, https:\/\/www.radio-rum.de\/web\/podlove\/image\/68747470733a2f2f7777772e726164696f2d72756d2e64652f7765622f77702d636f6e74656e742f75706c6f6164732f323032342f30312f706f64636173746c6f676f2d72756d5f6c61686e2e6a7067\/128\/0\/0\/radio-unerhoert-marburg 2x, https:\/\/www.radio-rum.de\/web\/podlove\/image\/68747470733a2f2f7777772e726164696f2d72756d2e64652f7765622f77702d636f6e74656e742f75706c6f6164732f323032342f30312f706f64636173746c6f676f2d72756d5f6c61686e2e6a7067\/192\/0\/0\/radio-unerhoert-marburg 3x\"\/>\n\n                            <\/td>\n                            <td class=\"date\">\n                                <span class=\"release_date\">\n                                    27. April 2026 0:19\n                                <\/span>\n                            <\/td>\n                            <td class=\"title\">\n                                <a href=\"https:\/\/www.radio-rum.de\/web\/podcast\/jazz-zeit-best-of-a-ch-2-vom-26-04-2026\/\">\n                                    <strong>Jazz-Zeit: Best Of A\/CH [2] vom 26.04.2026<\/strong><br>\n                                    \n                                <\/a>\n                            <\/td>\n                            <td class=\"duration\">\n                                                                1:59:59\n                            <\/td>\n                        <\/tr>\n                                            <tr class=\"podcast_archive_element\">\n                            <td class=\"thumbnail\">\n                                \n<img loading=\"lazy\" decoding=\"async\" width=\"64\" height=\"64\" src=\"https:\/\/www.radio-rum.de\/web\/wp-content\/cache\/podlove\/33\/8dd5ffc8a54e1e77e7fdb78b53dbc0\/radio-unerhoert-marburg_64x64.jpg\" srcset=\"https:\/\/www.radio-rum.de\/web\/wp-content\/cache\/podlove\/33\/8dd5ffc8a54e1e77e7fdb78b53dbc0\/radio-unerhoert-marburg_64x64.jpg 1x, https:\/\/www.radio-rum.de\/web\/podlove\/image\/68747470733a2f2f7777772e726164696f2d72756d2e64652f7765622f77702d636f6e74656e742f75706c6f6164732f323032342f30312f706f64636173746c6f676f2d72756d5f6c61686e2e6a7067\/128\/0\/0\/radio-unerhoert-marburg 2x, https:\/\/www.radio-rum.de\/web\/podlove\/image\/68747470733a2f2f7777772e726164696f2d72756d2e64652f7765622f77702d636f6e74656e742f75706c6f6164732f323032342f30312f706f64636173746c6f676f2d72756d5f6c61686e2e6a7067\/192\/0\/0\/radio-unerhoert-marburg 3x\"\/>\n\n                            <\/td>\n                            <td class=\"date\">\n                                <span class=\"release_date\">\n                                    26. April 2026 22:25\n                                <\/span>\n                            <\/td>\n                            <td class=\"title\">\n                                <a href=\"https:\/\/www.radio-rum.de\/web\/podcast\/jazz-zeit-best-of-a-ch-1-vom-26-04-2026\/\">\n                                    <strong>Jazz-Zeit: Best Of A\/CH [1] vom 26.04.2026<\/strong><br>\n                                    \n                                <\/a>\n                            <\/td>\n                            <td class=\"duration\">\n                                                                1:59:59\n                            <\/td>\n                        <\/tr>\n                                            <tr class=\"podcast_archive_element\">\n                            <td class=\"thumbnail\">\n                                \n<img loading=\"lazy\" decoding=\"async\" width=\"64\" height=\"64\" src=\"https:\/\/www.radio-rum.de\/web\/wp-content\/cache\/podlove\/33\/8dd5ffc8a54e1e77e7fdb78b53dbc0\/radio-unerhoert-marburg_64x64.jpg\" srcset=\"https:\/\/www.radio-rum.de\/web\/wp-content\/cache\/podlove\/33\/8dd5ffc8a54e1e77e7fdb78b53dbc0\/radio-unerhoert-marburg_64x64.jpg 1x, https:\/\/www.radio-rum.de\/web\/podlove\/image\/68747470733a2f2f7777772e726164696f2d72756d2e64652f7765622f77702d636f6e74656e742f75706c6f6164732f323032342f30312f706f64636173746c6f676f2d72756d5f6c61686e2e6a7067\/128\/0\/0\/radio-unerhoert-marburg 2x, https:\/\/www.radio-rum.de\/web\/podlove\/image\/68747470733a2f2f7777772e726164696f2d72756d2e64652f7765622f77702d636f6e74656e742f75706c6f6164732f323032342f30312f706f64636173746c6f676f2d72756d5f6c61686e2e6a7067\/192\/0\/0\/radio-unerhoert-marburg 3x\"\/>\n\n                            <\/td>\n                            <td class=\"date\">\n                                <span class=\"release_date\">\n                                    20. April 2026 2:23\n                                <\/span>\n                            <\/td>\n                            <td class=\"title\">\n                                <a href=\"https:\/\/www.radio-rum.de\/web\/podcast\/nightjazz-g-sax-a-ch-vom-20-04-2026\/\">\n                                    <strong>NightJazz: g &#038; sax (A\/CH)\u00a0 vom 20.04.2026<\/strong><br>\n                                    \n                                <\/a>\n                            <\/td>\n                            <td class=\"duration\">\n                                                                1:59:59\n                            <\/td>\n                        <\/tr>\n                                            <tr class=\"podcast_archive_element\">\n                            <td class=\"thumbnail\">\n                                \n<img loading=\"lazy\" decoding=\"async\" width=\"64\" height=\"64\" src=\"https:\/\/www.radio-rum.de\/web\/wp-content\/cache\/podlove\/33\/8dd5ffc8a54e1e77e7fdb78b53dbc0\/radio-unerhoert-marburg_64x64.jpg\" srcset=\"https:\/\/www.radio-rum.de\/web\/wp-content\/cache\/podlove\/33\/8dd5ffc8a54e1e77e7fdb78b53dbc0\/radio-unerhoert-marburg_64x64.jpg 1x, https:\/\/www.radio-rum.de\/web\/podlove\/image\/68747470733a2f2f7777772e726164696f2d72756d2e64652f7765622f77702d636f6e74656e742f75706c6f6164732f323032342f30312f706f64636173746c6f676f2d72756d5f6c61686e2e6a7067\/128\/0\/0\/radio-unerhoert-marburg 2x, https:\/\/www.radio-rum.de\/web\/podlove\/image\/68747470733a2f2f7777772e726164696f2d72756d2e64652f7765622f77702d636f6e74656e742f75706c6f6164732f323032342f30312f706f64636173746c6f676f2d72756d5f6c61686e2e6a7067\/192\/0\/0\/radio-unerhoert-marburg 3x\"\/>\n\n                            <\/td>\n                            <td class=\"date\">\n                                <span class=\"release_date\">\n                                    20. April 2026 0:32\n                                <\/span>\n                            <\/td>\n                            <td class=\"title\">\n                                <a href=\"https:\/\/www.radio-rum.de\/web\/podcast\/jazz-zeit-g-sax-a-ch-vom-19-04-2026\/\">\n                                    <strong>Jazz-Zeit: g &#038; sax (A\/CH) vom 19.04.2026<\/strong><br>\n                                    \n                                <\/a>\n                            <\/td>\n                            <td class=\"duration\">\n                                                                1:59:59\n                            <\/td>\n                        <\/tr>\n                                    <\/tbody>\n            <\/table>\n            <\/div>\n \n<hr>\n    <div  class=\"podcast_show\" id=\"kulturbeben\">\n        <h3>\n            <div class=\"subscribe\">\n            \n<script>window.podcastDatafa1a9aef8c7e06 = {\"title\":\"Kulturbeben\",\"subtitle\":\"Kultur f\\u00fcr alle \\u2013 von allen\",\"description\":\"Kultur in Marburg ist vielf\\u00e4ltig und bunt.\\r\\n\\r\\nKulturbeben m\\u00f6chte diese Mischung akustisch aufnehmen und den H\\u00f6rer:innen n\\u00e4her bringen. Einmal im Monat pr\\u00e4sentieren wir Neues aus der Marburger Kulturszene, stellen euch neue Theaterst\\u00fccke vor, pr\\u00e4sentieren euch Kulturinitiativen und sprechen mit Kulturschaffenden.\",\"cover\":\"https:\\\/\\\/www.radio-rum.de\\\/web\\\/podlove\\\/image\\\/68747470733a2f2f7777772e726164696f2d72756d2e64652f7765622f77702d636f6e74656e742f75706c6f6164732f323032342f30312f706f64636173746c6f676f2d72756d5f6c61686e2e6a7067\\\/400\\\/0\\\/0\\\/radio-unerhoert-marburg\",\"feeds\":[{\"type\":\"audio\",\"format\":\"mp3\",\"url\":\"https:\\\/\\\/www.radio-rum.de\\\/web\\\/show\\\/kulturbeben\\\/feed\\\/mp3\\\/\",\"variant\":\"high\",\"directory-url-itunes\":\"https:\\\/\\\/podcasts.apple.com\\\/podcast\\\/id1441947321\"}]};<\/script>\n<script class=\"podlove-subscribe-button\" src=\"https:\/\/www.radio-rum.de\/web\/wp-content\/plugins\/podlove-podcasting-plugin-for-wordpress\/lib\/modules\/subscribe_button\/dist\/javascripts\/app.js\" data-json-data=\"podcastDatafa1a9aef8c7e06\" data-language=\"de\" data-size=\"small\" data-format=\"cover\" data-style=\"filled\" data-color=\"#f59c27\"> <\/script>\n\n            <\/div>\n            <a href=\"\/show\/kulturbeben\/\">Kulturbeben<\/a>\n        <\/h3>\n\n        <div class=\"subtitle\">Kultur f\u00fcr alle \u2013 von allen<\/div>\n        <p class=\"summary\">Kultur in Marburg ist vielf\u00e4ltig und bunt.\r\n\r\nKulturbeben m\u00f6chte diese Mischung akustisch aufnehmen und den H\u00f6rer:innen n\u00e4her bringen. Einmal im Monat pr\u00e4sentieren wir Neues aus der Marburger Kulturszene, stellen euch neue Theaterst\u00fccke vor, pr\u00e4sentieren euch Kulturinitiativen und sprechen mit Kulturschaffenden.<\/p>\n\n                                                                                                                                                                                                                                                                                                                                                                                                            <p><em>Derzeit ist keine Folge verf\u00fcgbar. Das liegt warscheinlich daran, dass wir unsere Sendungen immer nur 7 Tage als Podcast bereitstellen d\u00fcrfen. Wenn du den Podcast abonnierst, verpasst du keine Folge!<\/em><\/p>\n            <\/div>\n \n<hr>\n    <div  class=\"podcast_show\" id=\"lumiere-time\">\n        <h3>\n            <div class=\"subscribe\">\n            \n<script>window.podcastData7fe05189b6d728 = {\"title\":\"Lumiere Time\",\"subtitle\":\"Politik-Gesellschaft-Kultur\",\"description\":\"\\u201ewe\\u2019re interested in information, we\\u2019re not\\r\\ninterested in radio as such.\\r\\nand we believe that the whole battlefield, if there is one in the\\r\\nhuman situation, is about information\\u201c\",\"cover\":\"https:\\\/\\\/www.radio-rum.de\\\/web\\\/podlove\\\/image\\\/68747470733a2f2f7777772e726164696f2d72756d2e64652f7765622f77702d636f6e74656e742f75706c6f6164732f323032342f30312f706f64636173746c6f676f2d72756d5f6c61686e2e6a7067\\\/400\\\/0\\\/0\\\/radio-unerhoert-marburg\",\"feeds\":[{\"type\":\"audio\",\"format\":\"mp3\",\"url\":\"https:\\\/\\\/www.radio-rum.de\\\/web\\\/show\\\/lumiere-time\\\/feed\\\/mp3\\\/\",\"variant\":\"high\",\"directory-url-itunes\":\"https:\\\/\\\/podcasts.apple.com\\\/podcast\\\/id1441947321\"}]};<\/script>\n<script class=\"podlove-subscribe-button\" src=\"https:\/\/www.radio-rum.de\/web\/wp-content\/plugins\/podlove-podcasting-plugin-for-wordpress\/lib\/modules\/subscribe_button\/dist\/javascripts\/app.js\" data-json-data=\"podcastData7fe05189b6d728\" data-language=\"de\" data-size=\"small\" data-format=\"cover\" data-style=\"filled\" data-color=\"#f59c27\"> <\/script>\n\n            <\/div>\n            <a href=\"\/show\/lumiere-time\/\">Lumiere Time<\/a>\n        <\/h3>\n\n        <div class=\"subtitle\">Politik-Gesellschaft-Kultur<\/div>\n        <p class=\"summary\">\u201ewe\u2019re interested in information, we\u2019re not\r\ninterested in radio as such.\r\nand we believe that the whole battlefield, if there is one in the\r\nhuman situation, is about information\u201c<\/p>\n\n                                                                                                                                                                                                                                                                                                                                                                                                                                       <table>\n                <tbody>\n                                            <tr class=\"podcast_archive_element\">\n                            <td class=\"thumbnail\">\n                                \n<img loading=\"lazy\" decoding=\"async\" width=\"64\" height=\"64\" src=\"https:\/\/www.radio-rum.de\/web\/wp-content\/cache\/podlove\/33\/8dd5ffc8a54e1e77e7fdb78b53dbc0\/radio-unerhoert-marburg_64x64.jpg\" srcset=\"https:\/\/www.radio-rum.de\/web\/wp-content\/cache\/podlove\/33\/8dd5ffc8a54e1e77e7fdb78b53dbc0\/radio-unerhoert-marburg_64x64.jpg 1x, https:\/\/www.radio-rum.de\/web\/podlove\/image\/68747470733a2f2f7777772e726164696f2d72756d2e64652f7765622f77702d636f6e74656e742f75706c6f6164732f323032342f30312f706f64636173746c6f676f2d72756d5f6c61686e2e6a7067\/128\/0\/0\/radio-unerhoert-marburg 2x, https:\/\/www.radio-rum.de\/web\/podlove\/image\/68747470733a2f2f7777772e726164696f2d72756d2e64652f7765622f77702d636f6e74656e742f75706c6f6164732f323032342f30312f706f64636173746c6f676f2d72756d5f6c61686e2e6a7067\/192\/0\/0\/radio-unerhoert-marburg 3x\"\/>\n\n                            <\/td>\n                            <td class=\"date\">\n                                <span class=\"release_date\">\n                                    19. April 2026 22:43\n                                <\/span>\n                            <\/td>\n                            <td class=\"title\">\n                                <a href=\"https:\/\/www.radio-rum.de\/web\/podcast\/lumiere-time-vom-19-04-2026\/\">\n                                    <strong>Lumiere Time vom 19.04.2026<\/strong><br>\n                                    \n                                <\/a>\n                            <\/td>\n                            <td class=\"duration\">\n                                                                1:59:59\n                            <\/td>\n                        <\/tr>\n                                    <\/tbody>\n            <\/table>\n            <\/div>\n \n<hr>\n    <div  class=\"podcast_show\" id=\"migralatino\">\n        <h3>\n            <div class=\"subscribe\">\n            \n<script>window.podcastDataa2bf3f0fdf5d7c = {\"title\":\"Migralatino\",\"subtitle\":\"Migrapress\",\"description\":\"En la Radio Unerh\\u00f6rt de la ciudad universitaria de Marburg, bajo la moderaci\\u00f3n del corresponsal ecuatoriano, Manolo Palacios se est\\u00e1n realizando dos programas radiales al mes, \\u201cMigralatino\\u201d, en idioma castellano, con entrevistas, testimonios, m\\u00fasica y programas infantiles.\",\"cover\":\"https:\\\/\\\/www.radio-rum.de\\\/web\\\/podlove\\\/image\\\/68747470733a2f2f7777772e726164696f2d72756d2e64652f7765622f77702d636f6e74656e742f75706c6f6164732f323032342f30312f706f64636173746c6f676f2d72756d5f6c61686e2e6a7067\\\/400\\\/0\\\/0\\\/radio-unerhoert-marburg\",\"feeds\":[{\"type\":\"audio\",\"format\":\"mp3\",\"url\":\"https:\\\/\\\/www.radio-rum.de\\\/web\\\/show\\\/migralatino\\\/feed\\\/mp3\\\/\",\"variant\":\"high\",\"directory-url-itunes\":\"https:\\\/\\\/podcasts.apple.com\\\/podcast\\\/id1441947321\"}]};<\/script>\n<script class=\"podlove-subscribe-button\" src=\"https:\/\/www.radio-rum.de\/web\/wp-content\/plugins\/podlove-podcasting-plugin-for-wordpress\/lib\/modules\/subscribe_button\/dist\/javascripts\/app.js\" data-json-data=\"podcastDataa2bf3f0fdf5d7c\" data-language=\"de\" data-size=\"small\" data-format=\"cover\" data-style=\"filled\" data-color=\"#f59c27\"> <\/script>\n\n            <\/div>\n            <a href=\"\/show\/migralatino\/\">Migralatino<\/a>\n        <\/h3>\n\n        <div class=\"subtitle\">Migrapress<\/div>\n        <p class=\"summary\">En la Radio Unerh\u00f6rt de la ciudad universitaria de Marburg, bajo la moderaci\u00f3n del corresponsal ecuatoriano, Manolo Palacios se est\u00e1n realizando dos programas radiales al mes, \u201cMigralatino\u201d, en idioma castellano, con entrevistas, testimonios, m\u00fasica y programas infantiles.<\/p>\n\n                                                                                                                                                                                                                                                                                                                                                                                                                                       <table>\n                <tbody>\n                                            <tr class=\"podcast_archive_element\">\n                            <td class=\"thumbnail\">\n                                \n<img loading=\"lazy\" decoding=\"async\" width=\"64\" height=\"64\" src=\"https:\/\/www.radio-rum.de\/web\/wp-content\/cache\/podlove\/33\/8dd5ffc8a54e1e77e7fdb78b53dbc0\/radio-unerhoert-marburg_64x64.jpg\" srcset=\"https:\/\/www.radio-rum.de\/web\/wp-content\/cache\/podlove\/33\/8dd5ffc8a54e1e77e7fdb78b53dbc0\/radio-unerhoert-marburg_64x64.jpg 1x, https:\/\/www.radio-rum.de\/web\/podlove\/image\/68747470733a2f2f7777772e726164696f2d72756d2e64652f7765622f77702d636f6e74656e742f75706c6f6164732f323032342f30312f706f64636173746c6f676f2d72756d5f6c61686e2e6a7067\/128\/0\/0\/radio-unerhoert-marburg 2x, https:\/\/www.radio-rum.de\/web\/podlove\/image\/68747470733a2f2f7777772e726164696f2d72756d2e64652f7765622f77702d636f6e74656e742f75706c6f6164732f323032342f30312f706f64636173746c6f676f2d72756d5f6c61686e2e6a7067\/192\/0\/0\/radio-unerhoert-marburg 3x\"\/>\n\n                            <\/td>\n                            <td class=\"date\">\n                                <span class=\"release_date\">\n                                    17. April 2026 22:36\n                                <\/span>\n                            <\/td>\n                            <td class=\"title\">\n                                <a href=\"https:\/\/www.radio-rum.de\/web\/podcast\/migralatino-vom-17-04-2026\/\">\n                                    <strong>Migralatino vom 17.04.2026<\/strong><br>\n                                    \n                                <\/a>\n                            <\/td>\n                            <td class=\"duration\">\n                                                                1:59:59\n                            <\/td>\n                        <\/tr>\n                                    <\/tbody>\n            <\/table>\n            <\/div>\n \n<hr>\n    <div  class=\"podcast_show\" id=\"mitgemacht\">\n        <h3>\n            <div class=\"subscribe\">\n            \n<script>window.podcastData5e015246851a16 = {\"title\":\"mitgemacht\",\"subtitle\":\"B\\u00fcrger*innenbeteiligung in Marburg\",\"description\":\"Sendung zu B\\u00fcrger*innenbeteiligung in Marburg, in Kooperation mit der Universit\\u00e4tsstadt Marburg.\\r\\nWo k\\u00f6nnen sich Menschen in Marburg engagieren und bei Themen der Stadtpolitik mitreden. Diese Sendung stellt Projekte vor und informiert zu aktuellen Themen in dem Bereich.\",\"cover\":\"https:\\\/\\\/www.radio-rum.de\\\/web\\\/podlove\\\/image\\\/68747470733a2f2f7777772e726164696f2d72756d2e64652f7765622f77702d636f6e74656e742f75706c6f6164732f323032342f30312f706f64636173746c6f676f2d72756d5f6c61686e2e6a7067\\\/400\\\/0\\\/0\\\/radio-unerhoert-marburg\",\"feeds\":[{\"type\":\"audio\",\"format\":\"mp3\",\"url\":\"https:\\\/\\\/www.radio-rum.de\\\/web\\\/show\\\/mitgemacht\\\/feed\\\/mp3\\\/\",\"variant\":\"high\",\"directory-url-itunes\":\"https:\\\/\\\/podcasts.apple.com\\\/podcast\\\/id1441947321\"}]};<\/script>\n<script class=\"podlove-subscribe-button\" src=\"https:\/\/www.radio-rum.de\/web\/wp-content\/plugins\/podlove-podcasting-plugin-for-wordpress\/lib\/modules\/subscribe_button\/dist\/javascripts\/app.js\" data-json-data=\"podcastData5e015246851a16\" data-language=\"de\" data-size=\"small\" data-format=\"cover\" data-style=\"filled\" data-color=\"#f59c27\"> <\/script>\n\n            <\/div>\n            <a href=\"\/show\/mitgemacht\/\">mitgemacht<\/a>\n        <\/h3>\n\n        <div class=\"subtitle\">B\u00fcrger*innenbeteiligung in Marburg<\/div>\n        <p class=\"summary\">Sendung zu B\u00fcrger*innenbeteiligung in Marburg, in Kooperation mit der Universit\u00e4tsstadt Marburg.\r\nWo k\u00f6nnen sich Menschen in Marburg engagieren und bei Themen der Stadtpolitik mitreden. Diese Sendung stellt Projekte vor und informiert zu aktuellen Themen in dem Bereich.<\/p>\n\n                                                                                                                                                                                                                                                                                                                                                                                                            <p><em>Derzeit ist keine Folge verf\u00fcgbar. Das liegt warscheinlich daran, dass wir unsere Sendungen immer nur 7 Tage als Podcast bereitstellen d\u00fcrfen. Wenn du den Podcast abonnierst, verpasst du keine Folge!<\/em><\/p>\n            <\/div>\n \n<hr>\n    <div  class=\"podcast_show\" id=\"music-was-our-first-love\">\n        <h3>\n            <div class=\"subscribe\">\n            \n<script>window.podcastDataf36720e01920af = {\"title\":\"Music was our first love\",\"subtitle\":\"Musikalischer Gemischtwarenladen\",\"description\":\"Seitdem hat dieses Quartetto infernale viele lebendige Sendungen produziert und \\u00fcber den Marburger \\u00c4ther gejagt: Von Konzertbesuchen wurde berichtet, ber\\u00fchmte Musiker wurden interviewt, Reisen zu fernen exotischen Musikszenen wurden unternommen, die unterschiedlichsten Musikstile und Instrumente wurden einer begeisterten H\\u00f6rerschaft volkshochschullehrerhaft untergejubelt. Aber auch zu den kleinen und gro\\u00dfen Weltenl\\u00e4uften f\\u00fchlte man sich zu einer Stellungnahme bem\\u00fc\\u00dfigt. Und schlie\\u00dflich nahm diese Redaktion dann auch noch in Form von H\\u00f6rspielen zu verschrobenen literarischen und gesellschaftlichen Fiktionen ihre Zuflucht, um die zahlreichen Kritiker zu bes\\u00e4nftigen.\",\"cover\":\"https:\\\/\\\/www.radio-rum.de\\\/web\\\/podlove\\\/image\\\/68747470733a2f2f7777772e726164696f2d72756d2e64652f7765622f77702d636f6e74656e742f75706c6f6164732f323032342f30312f706f64636173746c6f676f2d72756d5f6c61686e2e6a7067\\\/400\\\/0\\\/0\\\/radio-unerhoert-marburg\",\"feeds\":[{\"type\":\"audio\",\"format\":\"mp3\",\"url\":\"https:\\\/\\\/www.radio-rum.de\\\/web\\\/show\\\/music-was-our-first-love\\\/feed\\\/mp3\\\/\",\"variant\":\"high\",\"directory-url-itunes\":\"https:\\\/\\\/podcasts.apple.com\\\/podcast\\\/id1441947321\"}]};<\/script>\n<script class=\"podlove-subscribe-button\" src=\"https:\/\/www.radio-rum.de\/web\/wp-content\/plugins\/podlove-podcasting-plugin-for-wordpress\/lib\/modules\/subscribe_button\/dist\/javascripts\/app.js\" data-json-data=\"podcastDataf36720e01920af\" data-language=\"de\" data-size=\"small\" data-format=\"cover\" data-style=\"filled\" data-color=\"#f59c27\"> <\/script>\n\n            <\/div>\n            <a href=\"\/show\/music-was-our-first-love\/\">Music was our first love<\/a>\n        <\/h3>\n\n        <div class=\"subtitle\">Musikalischer Gemischtwarenladen<\/div>\n        <p class=\"summary\">Seitdem hat dieses Quartetto infernale viele lebendige Sendungen produziert und \u00fcber den Marburger \u00c4ther gejagt: Von Konzertbesuchen wurde berichtet, ber\u00fchmte Musiker wurden interviewt, Reisen zu fernen exotischen Musikszenen wurden unternommen, die unterschiedlichsten Musikstile und Instrumente wurden einer begeisterten H\u00f6rerschaft volkshochschullehrerhaft untergejubelt. Aber auch zu den kleinen und gro\u00dfen Weltenl\u00e4uften f\u00fchlte man sich zu einer Stellungnahme bem\u00fc\u00dfigt. Und schlie\u00dflich nahm diese Redaktion dann auch noch in Form von H\u00f6rspielen zu verschrobenen literarischen und gesellschaftlichen Fiktionen ihre Zuflucht, um die zahlreichen Kritiker zu bes\u00e4nftigen.<\/p>\n\n                                                                                                                                                                                                                                                                                                                                                                                                            <p><em>Derzeit ist keine Folge verf\u00fcgbar. Das liegt warscheinlich daran, dass wir unsere Sendungen immer nur 7 Tage als Podcast bereitstellen d\u00fcrfen. Wenn du den Podcast abonnierst, verpasst du keine Folge!<\/em><\/p>\n            <\/div>\n \n<hr>\n    <div  class=\"podcast_show\" id=\"musikalische-verbrechen\">\n        <h3>\n            <div class=\"subscribe\">\n            \n<script>window.podcastDataa5399f92d81fa1 = {\"title\":\"Musikalische Verbrechen\",\"subtitle\":\"Musik die es anderswo garantiert nicht gibt.\",\"description\":\"In dieser Sendung stellen euch Matthias Kreuzberger und Gregor B\\u00f6rner Musik vor die es normalerweise nicht verdient h\\u00e4tte im Radio gespielt zu werden. Die Auswahl besteht meist aus diversen Musikbemusterungen und den nervigsten \\u201cCharthits\\u201d. Zu der Musik gibt es direkte Meinungen oder Versuche die Musik mit eigenen musizierversuchen aufzuwerten. Im Studio steht der rote Buzzer als \\u201cNot-AUS\\u201d wenn die Musik zu unertr\\u00e4glich wird.\",\"cover\":\"https:\\\/\\\/www.radio-rum.de\\\/web\\\/wp-content\\\/uploads\\\/2023\\\/07\\\/musikalische-verbrechen-1.png\",\"feeds\":[{\"type\":\"audio\",\"format\":\"mp3\",\"url\":\"https:\\\/\\\/www.radio-rum.de\\\/web\\\/show\\\/musikalische-verbrechen\\\/feed\\\/mp3\\\/\",\"variant\":\"high\",\"directory-url-itunes\":\"https:\\\/\\\/podcasts.apple.com\\\/podcast\\\/id1441947321\"}]};<\/script>\n<script class=\"podlove-subscribe-button\" src=\"https:\/\/www.radio-rum.de\/web\/wp-content\/plugins\/podlove-podcasting-plugin-for-wordpress\/lib\/modules\/subscribe_button\/dist\/javascripts\/app.js\" data-json-data=\"podcastDataa5399f92d81fa1\" data-language=\"de\" data-size=\"small\" data-format=\"cover\" data-style=\"filled\" data-color=\"#f59c27\"> <\/script>\n\n            <\/div>\n            <a href=\"\/show\/musikalische-verbrechen\/\">Musikalische Verbrechen<\/a>\n        <\/h3>\n\n        <div class=\"subtitle\">Musik die es anderswo garantiert nicht gibt.<\/div>\n        <p class=\"summary\">In dieser Sendung stellen euch Matthias Kreuzberger und Gregor B\u00f6rner Musik vor die es normalerweise nicht verdient h\u00e4tte im Radio gespielt zu werden. Die Auswahl besteht meist aus diversen Musikbemusterungen und den nervigsten \u201cCharthits\u201d. Zu der Musik gibt es direkte Meinungen oder Versuche die Musik mit eigenen musizierversuchen aufzuwerten. Im Studio steht der rote Buzzer als \u201cNot-AUS\u201d wenn die Musik zu unertr\u00e4glich wird.<\/p>\n\n                                                                                                                                                                                                                                                                                                                                                                                                                                       <table>\n                <tbody>\n                                            <tr class=\"podcast_archive_element\">\n                            <td class=\"thumbnail\">\n                                \n<img loading=\"lazy\" decoding=\"async\" width=\"64\" height=\"64\" src=\"https:\/\/www.radio-rum.de\/web\/wp-content\/cache\/podlove\/33\/8dd5ffc8a54e1e77e7fdb78b53dbc0\/radio-unerhoert-marburg_64x64.jpg\" srcset=\"https:\/\/www.radio-rum.de\/web\/wp-content\/cache\/podlove\/33\/8dd5ffc8a54e1e77e7fdb78b53dbc0\/radio-unerhoert-marburg_64x64.jpg 1x, https:\/\/www.radio-rum.de\/web\/podlove\/image\/68747470733a2f2f7777772e726164696f2d72756d2e64652f7765622f77702d636f6e74656e742f75706c6f6164732f323032342f30312f706f64636173746c6f676f2d72756d5f6c61686e2e6a7067\/128\/0\/0\/radio-unerhoert-marburg 2x, https:\/\/www.radio-rum.de\/web\/podlove\/image\/68747470733a2f2f7777772e726164696f2d72756d2e64652f7765622f77702d636f6e74656e742f75706c6f6164732f323032342f30312f706f64636173746c6f676f2d72756d5f6c61686e2e6a7067\/192\/0\/0\/radio-unerhoert-marburg 3x\"\/>\n\n                            <\/td>\n                            <td class=\"date\">\n                                <span class=\"release_date\">\n                                    19. April 2026 15:00\n                                <\/span>\n                            <\/td>\n                            <td class=\"title\">\n                                <a href=\"https:\/\/www.radio-rum.de\/web\/podcast\/musikalische-verbrechen-138-april-2026-die-schlimmen-80er\/\">\n                                    <strong>musikalische Verbrechen: #138 \u2013 April 2026 \u2013 Die schlimmen 80er<\/strong><br>\n                                    \n                                <\/a>\n                            <\/td>\n                            <td class=\"duration\">\n                                                                1:03:28\n                            <\/td>\n                        <\/tr>\n                                    <\/tbody>\n            <\/table>\n            <\/div>\n \n<hr>\n    <div  class=\"podcast_show\" id=\"parkinsongs\">\n        <h3>\n            <div class=\"subscribe\">\n            \n<script>window.podcastDatabdcfc9f82be048 = {\"title\":\"Parkinsongs\",\"subtitle\":\"Rock, Blues, Folk der 60er bis 80er Jahre\",\"description\":\"Rock, Blues, Folk der 60er bis 80er Jahre\",\"cover\":\"https:\\\/\\\/www.radio-rum.de\\\/web\\\/podlove\\\/image\\\/68747470733a2f2f7777772e726164696f2d72756d2e64652f7765622f77702d636f6e74656e742f75706c6f6164732f323032342f30312f706f64636173746c6f676f2d72756d5f6c61686e2e6a7067\\\/400\\\/0\\\/0\\\/radio-unerhoert-marburg\",\"feeds\":[{\"type\":\"audio\",\"format\":\"mp3\",\"url\":\"https:\\\/\\\/www.radio-rum.de\\\/web\\\/show\\\/parkinsongs\\\/feed\\\/mp3\\\/\",\"variant\":\"high\",\"directory-url-itunes\":\"https:\\\/\\\/podcasts.apple.com\\\/podcast\\\/id1441947321\"}]};<\/script>\n<script class=\"podlove-subscribe-button\" src=\"https:\/\/www.radio-rum.de\/web\/wp-content\/plugins\/podlove-podcasting-plugin-for-wordpress\/lib\/modules\/subscribe_button\/dist\/javascripts\/app.js\" data-json-data=\"podcastDatabdcfc9f82be048\" data-language=\"de\" data-size=\"small\" data-format=\"cover\" data-style=\"filled\" data-color=\"#f59c27\"> <\/script>\n\n            <\/div>\n            <a href=\"\/show\/parkinsongs\/\">Parkinsongs<\/a>\n        <\/h3>\n\n        <div class=\"subtitle\">Rock, Blues, Folk der 60er bis 80er Jahre<\/div>\n        <p class=\"summary\">Rock, Blues, Folk der 60er bis 80er Jahre<\/p>\n\n                                                                                                                                                                                                                                                                                                                                                                                                            <p><em>Derzeit ist keine Folge verf\u00fcgbar. Das liegt warscheinlich daran, dass wir unsere Sendungen immer nur 7 Tage als Podcast bereitstellen d\u00fcrfen. Wenn du den Podcast abonnierst, verpasst du keine Folge!<\/em><\/p>\n            <\/div>\n \n<hr>\n    <div  class=\"podcast_show\" id=\"plattenbau\">\n        <h3>\n            <div class=\"subscribe\">\n            \n<script>window.podcastDatad1dbdf01d87eff = {\"title\":\"Plattenbau\",\"subtitle\":\"Freies Radio f\\u00fcr Marburg auf 90,1 MHz\",\"description\":\"Sendungen aus dem Radioprogramm von Radio Unerh\\u00f6rt Marburg.\\r\\n\\r\\nAus rechtlichen Gr\\u00fcnden stehen Podcasts nur 7 Tage ab Ausstrahlung zur Verf\\u00fcgung.\",\"cover\":\"https:\\\/\\\/www.radio-rum.de\\\/web\\\/podlove\\\/image\\\/68747470733a2f2f7777772e726164696f2d72756d2e64652f7765622f77702d636f6e74656e742f75706c6f6164732f323032342f30312f706f64636173746c6f676f2d72756d5f6c61686e2e6a7067\\\/400\\\/0\\\/0\\\/radio-unerhoert-marburg\",\"feeds\":[{\"type\":\"audio\",\"format\":\"mp3\",\"url\":\"https:\\\/\\\/www.radio-rum.de\\\/web\\\/show\\\/plattenbau\\\/feed\\\/mp3\\\/\",\"variant\":\"high\",\"directory-url-itunes\":\"https:\\\/\\\/podcasts.apple.com\\\/podcast\\\/id1441947321\"}]};<\/script>\n<script class=\"podlove-subscribe-button\" src=\"https:\/\/www.radio-rum.de\/web\/wp-content\/plugins\/podlove-podcasting-plugin-for-wordpress\/lib\/modules\/subscribe_button\/dist\/javascripts\/app.js\" data-json-data=\"podcastDatad1dbdf01d87eff\" data-language=\"de\" data-size=\"small\" data-format=\"cover\" data-style=\"filled\" data-color=\"#f59c27\"> <\/script>\n\n            <\/div>\n            <a href=\"\/show\/plattenbau\/\">Plattenbau<\/a>\n        <\/h3>\n\n        <div class=\"subtitle\"><\/div>\n        <p class=\"summary\"><\/p>\n\n                                                                                                                                                                                                                                                                                                                                                                                                            <p><em>Derzeit ist keine Folge verf\u00fcgbar. Das liegt warscheinlich daran, dass wir unsere Sendungen immer nur 7 Tage als Podcast bereitstellen d\u00fcrfen. Wenn du den Podcast abonnierst, verpasst du keine Folge!<\/em><\/p>\n            <\/div>\n \n<hr>\n    <div  class=\"podcast_show\" id=\"powerrumpel\">\n        <h3>\n            <div class=\"subscribe\">\n            \n<script>window.podcastDatade3066dfd853ca = {\"title\":\"PowerRumpel\",\"subtitle\":\"Soundtracks von bekannten und auch unbekannten Filmen\",\"description\":\"Schon l\\u00e4nger ein Geheimtipp auf der analogen Kurzwelle, jetzt bei Radio Unerh\\u00f6rt Marburg.\\r\\n\\r\\nAusgew\\u00e4hlte Soundtracks von bekannten und auch unbekannten Filmen. Vielleicht auch von deinem Lieblingsstreifen?\\r\\n\\r\\nNat\\u00fcrlich kommt auch der Inhalt des Films nicht zu kurz. Hintergr\\u00fcnde, Infos und vor allem: Die Musik, die deine Erinnerung an den Film lebendig macht.\\r\\n\\r\\nZu guter Letzt: Die News vom Radio Taiwan International H\\u00f6rerclub aus Ottenau. Einer der wenigen verbliebenen DX-Clubs, die internationale Rundfunksendungen auf der analogen Kurzwelle h\\u00f6ren.\",\"cover\":\"https:\\\/\\\/www.radio-rum.de\\\/web\\\/wp-content\\\/uploads\\\/2024\\\/01\\\/podcastlogo-rum_lahn.jpg\",\"feeds\":[{\"type\":\"audio\",\"format\":\"mp3\",\"url\":\"https:\\\/\\\/www.radio-rum.de\\\/web\\\/show\\\/powerrumpel\\\/feed\\\/mp3\\\/\",\"variant\":\"high\",\"directory-url-itunes\":\"https:\\\/\\\/podcasts.apple.com\\\/podcast\\\/id1441947321\"}]};<\/script>\n<script class=\"podlove-subscribe-button\" src=\"https:\/\/www.radio-rum.de\/web\/wp-content\/plugins\/podlove-podcasting-plugin-for-wordpress\/lib\/modules\/subscribe_button\/dist\/javascripts\/app.js\" data-json-data=\"podcastDatade3066dfd853ca\" data-language=\"de\" data-size=\"small\" data-format=\"cover\" data-style=\"filled\" data-color=\"#f59c27\"> <\/script>\n\n            <\/div>\n            <a href=\"\/show\/powerrumpel\/\">PowerRumpel<\/a>\n        <\/h3>\n\n        <div class=\"subtitle\">Soundtracks von bekannten und auch unbekannten Filmen<\/div>\n        <p class=\"summary\">Schon l\u00e4nger ein Geheimtipp auf der analogen Kurzwelle, jetzt bei Radio Unerh\u00f6rt Marburg.\r\n\r\nAusgew\u00e4hlte Soundtracks von bekannten und auch unbekannten Filmen. Vielleicht auch von deinem Lieblingsstreifen?\r\n\r\nNat\u00fcrlich kommt auch der Inhalt des Films nicht zu kurz. Hintergr\u00fcnde, Infos und vor allem: Die Musik, die deine Erinnerung an den Film lebendig macht.\r\n\r\nZu guter Letzt: Die News vom Radio Taiwan International H\u00f6rerclub aus Ottenau. Einer der wenigen verbliebenen DX-Clubs, die internationale Rundfunksendungen auf der analogen Kurzwelle h\u00f6ren.<\/p>\n\n                                                                                                                                                                                                                                                                                                                                                                                                            <p><em>Derzeit ist keine Folge verf\u00fcgbar. Das liegt warscheinlich daran, dass wir unsere Sendungen immer nur 7 Tage als Podcast bereitstellen d\u00fcrfen. Wenn du den Podcast abonnierst, verpasst du keine Folge!<\/em><\/p>\n            <\/div>\n \n<hr>\n    <div  class=\"podcast_show\" id=\"progresiva\">\n        <h3>\n            <div class=\"subscribe\">\n            \n<script>window.podcastData915bbbcd0ffaf8 = {\"title\":\"Progresiva\",\"subtitle\":\"progressive Rock &amp; Metal\",\"description\":\"P R O G R E S I V A ist die Sendung f\\u00fcr progressive Rock &amp;amp; Metal bei RUM.\",\"cover\":\"https:\\\/\\\/www.radio-rum.de\\\/web\\\/podlove\\\/image\\\/68747470733a2f2f7777772e726164696f2d72756d2e64652f7765622f77702d636f6e74656e742f75706c6f6164732f323032342f30312f706f64636173746c6f676f2d72756d5f6c61686e2e6a7067\\\/400\\\/0\\\/0\\\/radio-unerhoert-marburg\",\"feeds\":[{\"type\":\"audio\",\"format\":\"mp3\",\"url\":\"https:\\\/\\\/www.radio-rum.de\\\/web\\\/show\\\/progresiva\\\/feed\\\/mp3\\\/\",\"variant\":\"high\",\"directory-url-itunes\":\"https:\\\/\\\/podcasts.apple.com\\\/podcast\\\/id1441947321\"}]};<\/script>\n<script class=\"podlove-subscribe-button\" src=\"https:\/\/www.radio-rum.de\/web\/wp-content\/plugins\/podlove-podcasting-plugin-for-wordpress\/lib\/modules\/subscribe_button\/dist\/javascripts\/app.js\" data-json-data=\"podcastData915bbbcd0ffaf8\" data-language=\"de\" data-size=\"small\" data-format=\"cover\" data-style=\"filled\" data-color=\"#f59c27\"> <\/script>\n\n            <\/div>\n            <a href=\"\/show\/progresiva\/\">Progresiva<\/a>\n        <\/h3>\n\n        <div class=\"subtitle\">progressive Rock & Metal<\/div>\n        <p class=\"summary\">P R O G R E S I V A ist die Sendung f\u00fcr progressive Rock &amp; Metal bei RUM.<\/p>\n\n                                                                                                                                                                                                                                                                                                                                                                                                            <p><em>Derzeit ist keine Folge verf\u00fcgbar. Das liegt warscheinlich daran, dass wir unsere Sendungen immer nur 7 Tage als Podcast bereitstellen d\u00fcrfen. Wenn du den Podcast abonnierst, verpasst du keine Folge!<\/em><\/p>\n            <\/div>\n \n<hr>\n    <div  class=\"podcast_show\" id=\"quatschbroetchen\">\n        <h3>\n            <div class=\"subscribe\">\n            \n<script>window.podcastData1f61ab9b2eeed5 = {\"title\":\"Quatschbr\\u00f6tchen\",\"subtitle\":\"Comedy, Satire, Quatsch, Spa\\u00df und beste Unterhaltung!\",\"description\":\"Das Quatschbr\\u00f6tchen bietet eine bunte Mischung aus Comedy, Satire, Spa\\u00df, Quatsch und Witz! Hier wird \\u00fcber aktuelle, politische und gesellschaftliche Themen humorvoll zugespitzt berichtet.  Moderiert wird die Sendung von Gregor B\\u00f6rner, Matthias Kreuzberger und D\\u00e9sir\\u00e9e B\\u00f6rner. Wer das Quatschbr\\u00f6tchen h\\u00f6rt geht zum lachen nicht in den Keller.\",\"cover\":\"https:\\\/\\\/www.radio-rum.de\\\/web\\\/wp-content\\\/uploads\\\/2023\\\/08\\\/quatschbroetchen_rum.png\",\"feeds\":[{\"type\":\"audio\",\"format\":\"mp3\",\"url\":\"https:\\\/\\\/www.radio-rum.de\\\/web\\\/show\\\/quatschbroetchen\\\/feed\\\/mp3\\\/\",\"variant\":\"high\",\"directory-url-itunes\":\"https:\\\/\\\/podcasts.apple.com\\\/podcast\\\/id1441947321\"}]};<\/script>\n<script class=\"podlove-subscribe-button\" src=\"https:\/\/www.radio-rum.de\/web\/wp-content\/plugins\/podlove-podcasting-plugin-for-wordpress\/lib\/modules\/subscribe_button\/dist\/javascripts\/app.js\" data-json-data=\"podcastData1f61ab9b2eeed5\" data-language=\"de\" data-size=\"small\" data-format=\"cover\" data-style=\"filled\" data-color=\"#f59c27\"> <\/script>\n\n            <\/div>\n            <a href=\"\/show\/quatschbroetchen\/\">Quatschbr\u00f6tchen<\/a>\n        <\/h3>\n\n        <div class=\"subtitle\">Comedy, Satire, Quatsch, Spa\u00df und beste Unterhaltung!<\/div>\n        <p class=\"summary\">Das Quatschbr\u00f6tchen bietet eine bunte Mischung aus Comedy, Satire, Spa\u00df, Quatsch und Witz! Hier wird \u00fcber aktuelle, politische und gesellschaftliche Themen humorvoll zugespitzt berichtet.  Moderiert wird die Sendung von Gregor B\u00f6rner, Matthias Kreuzberger und D\u00e9sir\u00e9e B\u00f6rner. Wer das Quatschbr\u00f6tchen h\u00f6rt geht zum lachen nicht in den Keller.<\/p>\n\n                                                                                                                                                                                                                                                                                                                                                                                                            <p><em>Derzeit ist keine Folge verf\u00fcgbar. Das liegt warscheinlich daran, dass wir unsere Sendungen immer nur 7 Tage als Podcast bereitstellen d\u00fcrfen. Wenn du den Podcast abonnierst, verpasst du keine Folge!<\/em><\/p>\n            <\/div>\n \n<hr>\n    <div  class=\"podcast_show\" id=\"queerfeminist-radio-action\">\n        <h3>\n            <div class=\"subscribe\">\n            \n<script>window.podcastData60b5aec725c651 = {\"title\":\"Queer*feminist Radio Action\",\"subtitle\":\"Queer*feministische Radio Aktion\",\"description\":\"Die Queer*feministische Redaktion von Radio Unerh\\u00f6rt Marburg berichtet \\u2013 am 8. M\\u00e4rz als internationalem feministischen Kampftag \\u2013 aber nicht nur!\\r\\n\\r\\nWir sprechen aus einer Bewegungsperspektive, um Strukturen der Macht zu kritisieren und aufzubrechen. Wir wollen die Themen, die auf die Stra\\u00dfen getragen werden, aufgreifen und diese Stimmen \\u00fcber den \\u00c4ther verbreiten.\\r\\n\\r\\nUnser Anspruch als queer*feministisches Kollektiv bei RUM ist intersektional, das hei\\u00dft, wir m\\u00f6chten uns mit antifaschistischen, antikapitalistischen, antirassistischen und dekolonialen K\\u00e4mpfen verbinden und in unserer Praxis und unseren Positionierungen kritikf\\u00e4hig sein!\",\"cover\":\"https:\\\/\\\/www.radio-rum.de\\\/web\\\/podlove\\\/image\\\/68747470733a2f2f7777772e726164696f2d72756d2e64652f7765622f77702d636f6e74656e742f75706c6f6164732f323032342f30312f706f64636173746c6f676f2d72756d5f6c61686e2e6a7067\\\/400\\\/0\\\/0\\\/radio-unerhoert-marburg\",\"feeds\":[{\"type\":\"audio\",\"format\":\"mp3\",\"url\":\"https:\\\/\\\/www.radio-rum.de\\\/web\\\/show\\\/queerfeminist-radio-action\\\/feed\\\/mp3\\\/\",\"variant\":\"high\",\"directory-url-itunes\":\"https:\\\/\\\/podcasts.apple.com\\\/podcast\\\/id1441947321\"}]};<\/script>\n<script class=\"podlove-subscribe-button\" src=\"https:\/\/www.radio-rum.de\/web\/wp-content\/plugins\/podlove-podcasting-plugin-for-wordpress\/lib\/modules\/subscribe_button\/dist\/javascripts\/app.js\" data-json-data=\"podcastData60b5aec725c651\" data-language=\"de\" data-size=\"small\" data-format=\"cover\" data-style=\"filled\" data-color=\"#f59c27\"> <\/script>\n\n            <\/div>\n            <a href=\"\/show\/queerfeminist-radio-action\/\">Queer*feminist Radio Action<\/a>\n        <\/h3>\n\n        <div class=\"subtitle\">Queer*feministische Radio Aktion<\/div>\n        <p class=\"summary\">Die Queer*feministische Redaktion von Radio Unerh\u00f6rt Marburg berichtet \u2013 am 8. M\u00e4rz als internationalem feministischen Kampftag \u2013 aber nicht nur!\r\n\r\nWir sprechen aus einer Bewegungsperspektive, um Strukturen der Macht zu kritisieren und aufzubrechen. Wir wollen die Themen, die auf die Stra\u00dfen getragen werden, aufgreifen und diese Stimmen \u00fcber den \u00c4ther verbreiten.\r\n\r\nUnser Anspruch als queer*feministisches Kollektiv bei RUM ist intersektional, das hei\u00dft, wir m\u00f6chten uns mit antifaschistischen, antikapitalistischen, antirassistischen und dekolonialen K\u00e4mpfen verbinden und in unserer Praxis und unseren Positionierungen kritikf\u00e4hig sein!<\/p>\n\n                                                                                                                                                                                                                                                                                                                                                                                                            <p><em>Derzeit ist keine Folge verf\u00fcgbar. Das liegt warscheinlich daran, dass wir unsere Sendungen immer nur 7 Tage als Podcast bereitstellen d\u00fcrfen. Wenn du den Podcast abonnierst, verpasst du keine Folge!<\/em><\/p>\n            <\/div>\n \n<hr>\n    <div  class=\"podcast_show\" id=\"rest-geraeusche\">\n        <h3>\n            <div class=\"subscribe\">\n            \n<script>window.podcastData41530a6a79e993 = {\"title\":\"rest\\\/ger\\u00e4usche\",\"subtitle\":\"Freies Radio f\\u00fcr Marburg auf 90,1 MHz\",\"description\":\"Der Synthesizer und die elektronische Klangerzeugung im Allgemeinen hat seit den fr\\u00fchen 1970er-Jahren die Musikwelt revolutioniert. Die Sendung \\\"rest\\\/ger\\u00e4usche wirft einen Blick auf diese Kunst in all ihren Facetten. Dabei wird eine Br\\u00fccke von den fr\\u00fchen Anf\\u00e4ngen der synthetisch erzeugten Kl\\u00e4nge \\u00fcber die analoge Systeme bis zur volldigitallisierten Gegenwart geschlagen. Das Ganze wird mit kurzen und knackigen Hintergrundinformationen erg\\u00e4nzt. Nach Bedarf, z.B. zur weiteren Ausarbeitung, auch in Schnittform auf der Webseite www.restger\\u00e4usche.de\",\"cover\":\"https:\\\/\\\/www.radio-rum.de\\\/web\\\/podlove\\\/image\\\/68747470733a2f2f7777772e726164696f2d72756d2e64652f7765622f77702d636f6e74656e742f75706c6f6164732f323032342f30312f706f64636173746c6f676f2d72756d5f6c61686e2e6a7067\\\/400\\\/0\\\/0\\\/radio-unerhoert-marburg\",\"feeds\":[{\"type\":\"audio\",\"format\":\"mp3\",\"url\":\"https:\\\/\\\/www.radio-rum.de\\\/web\\\/show\\\/rest-geraeusche\\\/feed\\\/mp3\\\/\",\"variant\":\"high\",\"directory-url-itunes\":\"https:\\\/\\\/podcasts.apple.com\\\/podcast\\\/id1441947321\"}]};<\/script>\n<script class=\"podlove-subscribe-button\" src=\"https:\/\/www.radio-rum.de\/web\/wp-content\/plugins\/podlove-podcasting-plugin-for-wordpress\/lib\/modules\/subscribe_button\/dist\/javascripts\/app.js\" data-json-data=\"podcastData41530a6a79e993\" data-language=\"de\" data-size=\"small\" data-format=\"cover\" data-style=\"filled\" data-color=\"#f59c27\"> <\/script>\n\n            <\/div>\n            <a href=\"\/show\/rest-geraeusche\/\">rest\/ger\u00e4usche<\/a>\n        <\/h3>\n\n        <div class=\"subtitle\"><\/div>\n        <p class=\"summary\">Der Synthesizer und die elektronische Klangerzeugung im Allgemeinen hat seit den fr\u00fchen 1970er-Jahren die Musikwelt revolutioniert. Die Sendung \"rest\/ger\u00e4usche wirft einen Blick auf diese Kunst in all ihren Facetten. Dabei wird eine Br\u00fccke von den fr\u00fchen Anf\u00e4ngen der synthetisch erzeugten Kl\u00e4nge \u00fcber die analoge Systeme bis zur volldigitallisierten Gegenwart geschlagen. Das Ganze wird mit kurzen und knackigen Hintergrundinformationen erg\u00e4nzt. Nach Bedarf, z.B. zur weiteren Ausarbeitung, auch in Schnittform auf der Webseite www.restger\u00e4usche.de<\/p>\n\n                                                                                                                                                                                                                                                                                                                                                                                                            <p><em>Derzeit ist keine Folge verf\u00fcgbar. Das liegt warscheinlich daran, dass wir unsere Sendungen immer nur 7 Tage als Podcast bereitstellen d\u00fcrfen. Wenn du den Podcast abonnierst, verpasst du keine Folge!<\/em><\/p>\n            <\/div>\n \n<hr>\n    <div  class=\"podcast_show\" id=\"sammelsurirum\">\n        <h3>\n            <div class=\"subscribe\">\n            \n<script>window.podcastData2445033996bf87 = {\"title\":\"SammelsuriRUM\",\"subtitle\":\"Variationen \\u00fcber ein Thema\",\"description\":\"Variationen \\u00fcber ein Thema \\u201eSammelsuri-Rum\\u201c ist der immer wiederkehrende Versuch einer m\\u00f6glichst weit gef\\u00e4cherten Klangcollage zu einem beliebigen Schwerpunkt-Thema.\",\"cover\":\"https:\\\/\\\/www.radio-rum.de\\\/web\\\/podlove\\\/image\\\/68747470733a2f2f7777772e726164696f2d72756d2e64652f7765622f77702d636f6e74656e742f75706c6f6164732f323032342f30312f706f64636173746c6f676f2d72756d5f6c61686e2e6a7067\\\/400\\\/0\\\/0\\\/radio-unerhoert-marburg\",\"feeds\":[{\"type\":\"audio\",\"format\":\"mp3\",\"url\":\"https:\\\/\\\/www.radio-rum.de\\\/web\\\/show\\\/sammelsurirum\\\/feed\\\/mp3\\\/\",\"variant\":\"high\",\"directory-url-itunes\":\"https:\\\/\\\/podcasts.apple.com\\\/podcast\\\/id1441947321\"}]};<\/script>\n<script class=\"podlove-subscribe-button\" src=\"https:\/\/www.radio-rum.de\/web\/wp-content\/plugins\/podlove-podcasting-plugin-for-wordpress\/lib\/modules\/subscribe_button\/dist\/javascripts\/app.js\" data-json-data=\"podcastData2445033996bf87\" data-language=\"de\" data-size=\"small\" data-format=\"cover\" data-style=\"filled\" data-color=\"#f59c27\"> <\/script>\n\n            <\/div>\n            <a href=\"\/show\/sammelsurirum\/\">SammelsuriRUM<\/a>\n        <\/h3>\n\n        <div class=\"subtitle\">Variationen \u00fcber ein Thema<\/div>\n        <p class=\"summary\">Variationen \u00fcber ein Thema \u201eSammelsuri-Rum\u201c ist der immer wiederkehrende Versuch einer m\u00f6glichst weit gef\u00e4cherten Klangcollage zu einem beliebigen Schwerpunkt-Thema.<\/p>\n\n                                                                                                                                                                                                                                                                                                                                                                                                            <p><em>Derzeit ist keine Folge verf\u00fcgbar. Das liegt warscheinlich daran, dass wir unsere Sendungen immer nur 7 Tage als Podcast bereitstellen d\u00fcrfen. Wenn du den Podcast abonnierst, verpasst du keine Folge!<\/em><\/p>\n            <\/div>\n \n<hr>\n    <div  class=\"podcast_show\" id=\"shuffle\">\n        <h3>\n            <div class=\"subscribe\">\n            \n<script>window.podcastData9a7f34545dc71c = {\"title\":\"Shuffle\",\"subtitle\":\"Querbeet durch die Musiklandschaft eines Einzelnen.\",\"description\":\"Sendungen aus dem Radioprogramm von Radio Unerh\\u00f6rt Marburg.\\r\\n\\r\\nAus rechtlichen Gr\\u00fcnden stehen Podcasts nur 7 Tage ab Ausstrahlung zur Verf\\u00fcgung.\",\"cover\":\"https:\\\/\\\/www.radio-rum.de\\\/web\\\/podlove\\\/image\\\/68747470733a2f2f7777772e726164696f2d72756d2e64652f7765622f77702d636f6e74656e742f75706c6f6164732f323032342f30312f706f64636173746c6f676f2d72756d5f6c61686e2e6a7067\\\/400\\\/0\\\/0\\\/radio-unerhoert-marburg\",\"feeds\":[{\"type\":\"audio\",\"format\":\"mp3\",\"url\":\"https:\\\/\\\/www.radio-rum.de\\\/web\\\/show\\\/shuffle\\\/feed\\\/mp3\\\/\",\"variant\":\"high\",\"directory-url-itunes\":\"https:\\\/\\\/podcasts.apple.com\\\/podcast\\\/id1441947321\"}]};<\/script>\n<script class=\"podlove-subscribe-button\" src=\"https:\/\/www.radio-rum.de\/web\/wp-content\/plugins\/podlove-podcasting-plugin-for-wordpress\/lib\/modules\/subscribe_button\/dist\/javascripts\/app.js\" data-json-data=\"podcastData9a7f34545dc71c\" data-language=\"de\" data-size=\"small\" data-format=\"cover\" data-style=\"filled\" data-color=\"#f59c27\"> <\/script>\n\n            <\/div>\n            <a href=\"\/show\/shuffle\/\">Shuffle<\/a>\n        <\/h3>\n\n        <div class=\"subtitle\">Querbeet durch die Musiklandschaft eines Einzelnen.<\/div>\n        <p class=\"summary\"><\/p>\n\n                                                                                                                                                                                                                                                                                                                                                                                                            <p><em>Derzeit ist keine Folge verf\u00fcgbar. Das liegt warscheinlich daran, dass wir unsere Sendungen immer nur 7 Tage als Podcast bereitstellen d\u00fcrfen. Wenn du den Podcast abonnierst, verpasst du keine Folge!<\/em><\/p>\n            <\/div>\n \n<hr>\n    <div  class=\"podcast_show\" id=\"solar-music\">\n        <h3>\n            <div class=\"subscribe\">\n            \n<script>window.podcastData6bb9c3cb763859 = {\"title\":\"Solar Music\",\"subtitle\":\"Musikmagazin\",\"description\":\"Solar Music ist ein musikalisches Kaleidoskop mit kleinem Schwerpunkt auf Psychedelic und Kraut. Von Alt bis Neu, von zeitlosen Klassikern zu obskuren Rarit\\u00e4ten kommen spannende Platten und Hintergrundinformationen aus dem Funkhaus in Euer Ohr.\",\"cover\":\"https:\\\/\\\/www.radio-rum.de\\\/web\\\/podlove\\\/image\\\/68747470733a2f2f7777772e726164696f2d72756d2e64652f7765622f77702d636f6e74656e742f75706c6f6164732f323032342f30312f706f64636173746c6f676f2d72756d5f6c61686e2e6a7067\\\/400\\\/0\\\/0\\\/radio-unerhoert-marburg\",\"feeds\":[{\"type\":\"audio\",\"format\":\"mp3\",\"url\":\"https:\\\/\\\/www.radio-rum.de\\\/web\\\/show\\\/solar-music\\\/feed\\\/mp3\\\/\",\"variant\":\"high\",\"directory-url-itunes\":\"https:\\\/\\\/podcasts.apple.com\\\/podcast\\\/id1441947321\"}]};<\/script>\n<script class=\"podlove-subscribe-button\" src=\"https:\/\/www.radio-rum.de\/web\/wp-content\/plugins\/podlove-podcasting-plugin-for-wordpress\/lib\/modules\/subscribe_button\/dist\/javascripts\/app.js\" data-json-data=\"podcastData6bb9c3cb763859\" data-language=\"de\" data-size=\"small\" data-format=\"cover\" data-style=\"filled\" data-color=\"#f59c27\"> <\/script>\n\n            <\/div>\n            <a href=\"\/show\/solar-music\/\">Solar Music<\/a>\n        <\/h3>\n\n        <div class=\"subtitle\">Musikmagazin<\/div>\n        <p class=\"summary\">Solar Music ist ein musikalisches Kaleidoskop mit kleinem Schwerpunkt auf Psychedelic und Kraut. Von Alt bis Neu, von zeitlosen Klassikern zu obskuren Rarit\u00e4ten kommen spannende Platten und Hintergrundinformationen aus dem Funkhaus in Euer Ohr.<\/p>\n\n                                                                                                                                                                                                                                                                                                                                                                                                            <p><em>Derzeit ist keine Folge verf\u00fcgbar. Das liegt warscheinlich daran, dass wir unsere Sendungen immer nur 7 Tage als Podcast bereitstellen d\u00fcrfen. Wenn du den Podcast abonnierst, verpasst du keine Folge!<\/em><\/p>\n            <\/div>\n \n<hr>\n    <div  class=\"podcast_show\" id=\"take-42\">\n        <h3>\n            <div class=\"subscribe\">\n            \n<script>window.podcastDatab11cf15bfec90d = {\"title\":\"Take 42\",\"subtitle\":\"Soundtracks &amp; Special Interests\",\"description\":\"Jeden Monat picken sich Andi und Marco ein Thema heraus, reden \\u00fcber Wissenswertes zur Musik und Zusammenh\\u00e4nge zum Film, um die vernachl\\u00e4ssigte Seite der bewegten Bilder ins Rampenlicht zu r\\u00fccken. Und spielen nat\\u00fcrlich die passenden Titel: Egal ob Musik von 2001, Alfred Hitchcock, Star Wars oder das Standbild, die beiden haben dazu etwas zu sagen.\\r\\n\\r\\nAch so, \\u00fcbrigens: Zweiundvierzig! Nicht fortytwo. Wichtig!\",\"cover\":\"https:\\\/\\\/www.radio-rum.de\\\/web\\\/podlove\\\/image\\\/68747470733a2f2f7777772e726164696f2d72756d2e64652f7765622f77702d636f6e74656e742f75706c6f6164732f323032342f30312f706f64636173746c6f676f2d72756d5f6c61686e2e6a7067\\\/400\\\/0\\\/0\\\/radio-unerhoert-marburg\",\"feeds\":[{\"type\":\"audio\",\"format\":\"mp3\",\"url\":\"https:\\\/\\\/www.radio-rum.de\\\/web\\\/show\\\/take-42\\\/feed\\\/mp3\\\/\",\"variant\":\"high\",\"directory-url-itunes\":\"https:\\\/\\\/podcasts.apple.com\\\/podcast\\\/id1441947321\"}]};<\/script>\n<script class=\"podlove-subscribe-button\" src=\"https:\/\/www.radio-rum.de\/web\/wp-content\/plugins\/podlove-podcasting-plugin-for-wordpress\/lib\/modules\/subscribe_button\/dist\/javascripts\/app.js\" data-json-data=\"podcastDatab11cf15bfec90d\" data-language=\"de\" data-size=\"small\" data-format=\"cover\" data-style=\"filled\" data-color=\"#f59c27\"> <\/script>\n\n            <\/div>\n            <a href=\"\/show\/take-42\/\">Take 42<\/a>\n        <\/h3>\n\n        <div class=\"subtitle\">Soundtracks & Special Interests<\/div>\n        <p class=\"summary\">Jeden Monat picken sich Andi und Marco ein Thema heraus, reden \u00fcber Wissenswertes zur Musik und Zusammenh\u00e4nge zum Film, um die vernachl\u00e4ssigte Seite der bewegten Bilder ins Rampenlicht zu r\u00fccken. Und spielen nat\u00fcrlich die passenden Titel: Egal ob Musik von 2001, Alfred Hitchcock, Star Wars oder das Standbild, die beiden haben dazu etwas zu sagen.\r\n\r\nAch so, \u00fcbrigens: Zweiundvierzig! Nicht fortytwo. Wichtig!<\/p>\n\n                                                                                                                                                                                                                                                                                                                                                                                                                                       <table>\n                <tbody>\n                                            <tr class=\"podcast_archive_element\">\n                            <td class=\"thumbnail\">\n                                \n<img loading=\"lazy\" decoding=\"async\" width=\"64\" height=\"64\" src=\"https:\/\/www.radio-rum.de\/web\/wp-content\/cache\/podlove\/33\/8dd5ffc8a54e1e77e7fdb78b53dbc0\/radio-unerhoert-marburg_64x64.jpg\" srcset=\"https:\/\/www.radio-rum.de\/web\/wp-content\/cache\/podlove\/33\/8dd5ffc8a54e1e77e7fdb78b53dbc0\/radio-unerhoert-marburg_64x64.jpg 1x, https:\/\/www.radio-rum.de\/web\/podlove\/image\/68747470733a2f2f7777772e726164696f2d72756d2e64652f7765622f77702d636f6e74656e742f75706c6f6164732f323032342f30312f706f64636173746c6f676f2d72756d5f6c61686e2e6a7067\/128\/0\/0\/radio-unerhoert-marburg 2x, https:\/\/www.radio-rum.de\/web\/podlove\/image\/68747470733a2f2f7777772e726164696f2d72756d2e64652f7765622f77702d636f6e74656e742f75706c6f6164732f323032342f30312f706f64636173746c6f676f2d72756d5f6c61686e2e6a7067\/192\/0\/0\/radio-unerhoert-marburg 3x\"\/>\n\n                            <\/td>\n                            <td class=\"date\">\n                                <span class=\"release_date\">\n                                    14. April 2026 21:00\n                                <\/span>\n                            <\/td>\n                            <td class=\"title\">\n                                <a href=\"https:\/\/www.radio-rum.de\/web\/podcast\/take-42-vom-14-04-2026\/\">\n                                    <strong>Take 42 vom 14.04.2026<\/strong><br>\n                                    \n                                <\/a>\n                            <\/td>\n                            <td class=\"duration\">\n                                                                1:00:00\n                            <\/td>\n                        <\/tr>\n                                    <\/tbody>\n            <\/table>\n            <\/div>\n \n<hr>\n    <div  class=\"podcast_show\" id=\"tierliche-aspekte\">\n        <h3>\n            <div class=\"subscribe\">\n            \n<script>window.podcastData68a7a0c72f2cfd = {\"title\":\"Tierliche Aspekte\",\"subtitle\":\"Freies Radio f\\u00fcr Marburg auf 90,1 MHz\",\"description\":\"Sendungen aus dem Radioprogramm von Radio Unerh\\u00f6rt Marburg.\\r\\n\\r\\nAus rechtlichen Gr\\u00fcnden stehen Podcasts nur 7 Tage ab Ausstrahlung zur Verf\\u00fcgung.\",\"cover\":\"https:\\\/\\\/www.radio-rum.de\\\/web\\\/podlove\\\/image\\\/68747470733a2f2f7777772e726164696f2d72756d2e64652f7765622f77702d636f6e74656e742f75706c6f6164732f323032342f30312f706f64636173746c6f676f2d72756d5f6c61686e2e6a7067\\\/400\\\/0\\\/0\\\/radio-unerhoert-marburg\",\"feeds\":[{\"type\":\"audio\",\"format\":\"mp3\",\"url\":\"https:\\\/\\\/www.radio-rum.de\\\/web\\\/show\\\/tierliche-aspekte\\\/feed\\\/mp3\\\/\",\"variant\":\"high\",\"directory-url-itunes\":\"https:\\\/\\\/podcasts.apple.com\\\/podcast\\\/id1441947321\"}]};<\/script>\n<script class=\"podlove-subscribe-button\" src=\"https:\/\/www.radio-rum.de\/web\/wp-content\/plugins\/podlove-podcasting-plugin-for-wordpress\/lib\/modules\/subscribe_button\/dist\/javascripts\/app.js\" data-json-data=\"podcastData68a7a0c72f2cfd\" data-language=\"de\" data-size=\"small\" data-format=\"cover\" data-style=\"filled\" data-color=\"#f59c27\"> <\/script>\n\n            <\/div>\n            <a href=\"\/show\/tierliche-aspekte\/\">Tierliche Aspekte<\/a>\n        <\/h3>\n\n        <div class=\"subtitle\"><\/div>\n        <p class=\"summary\"><\/p>\n\n                                                                                                                                                                                                                                                                                                                                                                                                            <p><em>Derzeit ist keine Folge verf\u00fcgbar. Das liegt warscheinlich daran, dass wir unsere Sendungen immer nur 7 Tage als Podcast bereitstellen d\u00fcrfen. Wenn du den Podcast abonnierst, verpasst du keine Folge!<\/em><\/p>\n            <\/div>\n \n<hr>\n    <div  class=\"podcast_show\" id=\"trotzfunk\">\n        <h3>\n            <div class=\"subscribe\">\n            \n<script>window.podcastData3b2136fb4be4f6 = {\"title\":\"Trotzfunk\",\"subtitle\":\"Freies Radio f\\u00fcr Marburg auf 90,1 MHz\",\"description\":\"Sendungen aus dem Radioprogramm von Radio Unerh\\u00f6rt Marburg.\\r\\n\\r\\nAus rechtlichen Gr\\u00fcnden stehen Podcasts nur 7 Tage ab Ausstrahlung zur Verf\\u00fcgung.\",\"cover\":\"https:\\\/\\\/www.radio-rum.de\\\/web\\\/podlove\\\/image\\\/68747470733a2f2f7777772e726164696f2d72756d2e64652f7765622f77702d636f6e74656e742f75706c6f6164732f323032342f30312f706f64636173746c6f676f2d72756d5f6c61686e2e6a7067\\\/400\\\/0\\\/0\\\/radio-unerhoert-marburg\",\"feeds\":[{\"type\":\"audio\",\"format\":\"mp3\",\"url\":\"https:\\\/\\\/www.radio-rum.de\\\/web\\\/show\\\/trotzfunk\\\/feed\\\/mp3\\\/\",\"variant\":\"high\",\"directory-url-itunes\":\"https:\\\/\\\/podcasts.apple.com\\\/podcast\\\/id1441947321\"}]};<\/script>\n<script class=\"podlove-subscribe-button\" src=\"https:\/\/www.radio-rum.de\/web\/wp-content\/plugins\/podlove-podcasting-plugin-for-wordpress\/lib\/modules\/subscribe_button\/dist\/javascripts\/app.js\" data-json-data=\"podcastData3b2136fb4be4f6\" data-language=\"de\" data-size=\"small\" data-format=\"cover\" data-style=\"filled\" data-color=\"#f59c27\"> <\/script>\n\n            <\/div>\n            <a href=\"\/show\/trotzfunk\/\">Trotzfunk<\/a>\n        <\/h3>\n\n        <div class=\"subtitle\"><\/div>\n        <p class=\"summary\"><\/p>\n\n                                                                                                                                                                                                                                                                                                                                                                                                            <p><em>Derzeit ist keine Folge verf\u00fcgbar. Das liegt warscheinlich daran, dass wir unsere Sendungen immer nur 7 Tage als Podcast bereitstellen d\u00fcrfen. Wenn du den Podcast abonnierst, verpasst du keine Folge!<\/em><\/p>\n            <\/div>\n \n<hr>\n    <div  class=\"podcast_show\" id=\"unerhoert-live\">\n        <h3>\n            <div class=\"subscribe\">\n            \n<script>window.podcastDatae8c99917e3c2d7 = {\"title\":\"Unerh\\u00f6rt Live\",\"subtitle\":\"Konzertmitschnitte\",\"description\":\"Konzertmitschnitte \\u2013 mal von Weltstars und mal von Musikerinnen und Musikern, die es verdient h\\u00e4tten, Weltstars zu sein.\\r\\nMal aktuelles, mal aus der \\u00c4ra der klassischen Doppel-Live-LP und mal aus den tiefsten Tiefen der Archive \\u2013 exklusiv bei Radio Unerh\\u00f6rt Marburg an jedem 2. + 4. Montag im Monat und immer um 22:00 Uhr.\",\"cover\":\"https:\\\/\\\/www.radio-rum.de\\\/web\\\/podlove\\\/image\\\/68747470733a2f2f7777772e726164696f2d72756d2e64652f7765622f77702d636f6e74656e742f75706c6f6164732f323032342f30312f706f64636173746c6f676f2d72756d5f6c61686e2e6a7067\\\/400\\\/0\\\/0\\\/radio-unerhoert-marburg\",\"feeds\":[{\"type\":\"audio\",\"format\":\"mp3\",\"url\":\"https:\\\/\\\/www.radio-rum.de\\\/web\\\/show\\\/unerhoert-live\\\/feed\\\/mp3\\\/\",\"variant\":\"high\",\"directory-url-itunes\":\"https:\\\/\\\/podcasts.apple.com\\\/podcast\\\/id1441947321\"}]};<\/script>\n<script class=\"podlove-subscribe-button\" src=\"https:\/\/www.radio-rum.de\/web\/wp-content\/plugins\/podlove-podcasting-plugin-for-wordpress\/lib\/modules\/subscribe_button\/dist\/javascripts\/app.js\" data-json-data=\"podcastDatae8c99917e3c2d7\" data-language=\"de\" data-size=\"small\" data-format=\"cover\" data-style=\"filled\" data-color=\"#f59c27\"> <\/script>\n\n            <\/div>\n            <a href=\"\/show\/unerhoert-live\/\">Unerh\u00f6rt Live<\/a>\n        <\/h3>\n\n        <div class=\"subtitle\">Konzertmitschnitte<\/div>\n        <p class=\"summary\">Konzertmitschnitte \u2013 mal von Weltstars und mal von Musikerinnen und Musikern, die es verdient h\u00e4tten, Weltstars zu sein.\r\nMal aktuelles, mal aus der \u00c4ra der klassischen Doppel-Live-LP und mal aus den tiefsten Tiefen der Archive \u2013 exklusiv bei Radio Unerh\u00f6rt Marburg an jedem 2. + 4. Montag im Monat und immer um 22:00 Uhr.<\/p>\n\n                                                                                                                                                                                                                                                                                                                                                                                                                                       <table>\n                <tbody>\n                                            <tr class=\"podcast_archive_element\">\n                            <td class=\"thumbnail\">\n                                \n<img loading=\"lazy\" decoding=\"async\" width=\"64\" height=\"64\" src=\"https:\/\/www.radio-rum.de\/web\/wp-content\/cache\/podlove\/33\/8dd5ffc8a54e1e77e7fdb78b53dbc0\/radio-unerhoert-marburg_64x64.jpg\" srcset=\"https:\/\/www.radio-rum.de\/web\/wp-content\/cache\/podlove\/33\/8dd5ffc8a54e1e77e7fdb78b53dbc0\/radio-unerhoert-marburg_64x64.jpg 1x, https:\/\/www.radio-rum.de\/web\/podlove\/image\/68747470733a2f2f7777772e726164696f2d72756d2e64652f7765622f77702d636f6e74656e742f75706c6f6164732f323032342f30312f706f64636173746c6f676f2d72756d5f6c61686e2e6a7067\/128\/0\/0\/radio-unerhoert-marburg 2x, https:\/\/www.radio-rum.de\/web\/podlove\/image\/68747470733a2f2f7777772e726164696f2d72756d2e64652f7765622f77702d636f6e74656e742f75706c6f6164732f323032342f30312f706f64636173746c6f676f2d72756d5f6c61686e2e6a7067\/192\/0\/0\/radio-unerhoert-marburg 3x\"\/>\n\n                            <\/td>\n                            <td class=\"date\">\n                                <span class=\"release_date\">\n                                    28. April 2026 0:00\n                                <\/span>\n                            <\/td>\n                            <td class=\"title\">\n                                <a href=\"https:\/\/www.radio-rum.de\/web\/podcast\/unerhoert-live-vom-27-04-2026\/\">\n                                    <strong>Unerh\u00f6rt Live vom 27.04.2026<\/strong><br>\n                                    \n                                <\/a>\n                            <\/td>\n                            <td class=\"duration\">\n                                                                2:00:00\n                            <\/td>\n                        <\/tr>\n                                    <\/tbody>\n            <\/table>\n            <\/div>\n \n<hr>\n    <div  class=\"podcast_show\" id=\"whirlpool-meer-als-musik\">\n        <h3>\n            <div class=\"subscribe\">\n            \n<script>window.podcastData43e494a7fe7b03 = {\"title\":\"WhirlPool \\u2013 Meer als Musik\",\"subtitle\":\"Experimentelles Musik- und Kulturmagazin mit Exo Neutrino\",\"description\":\"Im WhirlPool verschwimmen die Grenzen zwischen Weisheit und Wahnsinn. Die Vernunft geht baden. Wunderliches und Wegweisendes wird nach oben gesp\\u00fclt! Zwei Stunden Wegtauchen in das Reich des Unerh\\u00f6rten, in kaum gekannte Klangwelten am Rande der Vorstellungskraft.\",\"cover\":\"https:\\\/\\\/www.radio-rum.de\\\/web\\\/podlove\\\/image\\\/68747470733a2f2f7777772e726164696f2d72756d2e64652f7765622f77702d636f6e74656e742f75706c6f6164732f323032342f30312f706f64636173746c6f676f2d72756d5f6c61686e2e6a7067\\\/400\\\/0\\\/0\\\/radio-unerhoert-marburg\",\"feeds\":[{\"type\":\"audio\",\"format\":\"mp3\",\"url\":\"https:\\\/\\\/www.radio-rum.de\\\/web\\\/show\\\/whirlpool-meer-als-musik\\\/feed\\\/mp3\\\/\",\"variant\":\"high\",\"directory-url-itunes\":\"https:\\\/\\\/podcasts.apple.com\\\/podcast\\\/id1441947321\"}]};<\/script>\n<script class=\"podlove-subscribe-button\" src=\"https:\/\/www.radio-rum.de\/web\/wp-content\/plugins\/podlove-podcasting-plugin-for-wordpress\/lib\/modules\/subscribe_button\/dist\/javascripts\/app.js\" data-json-data=\"podcastData43e494a7fe7b03\" data-language=\"de\" data-size=\"small\" data-format=\"cover\" data-style=\"filled\" data-color=\"#f59c27\"> <\/script>\n\n            <\/div>\n            <a href=\"\/show\/whirlpool-meer-als-musik\/\">WhirlPool \u2013 Meer als Musik<\/a>\n        <\/h3>\n\n        <div class=\"subtitle\">Experimentelles Musik- und Kulturmagazin mit Exo Neutrino<\/div>\n        <p class=\"summary\">Im WhirlPool verschwimmen die Grenzen zwischen Weisheit und Wahnsinn. Die Vernunft geht baden. Wunderliches und Wegweisendes wird nach oben gesp\u00fclt! Zwei Stunden Wegtauchen in das Reich des Unerh\u00f6rten, in kaum gekannte Klangwelten am Rande der Vorstellungskraft.<\/p>\n\n                                                                                                                                                                                                                                                                                                                                                                                                            <p><em>Derzeit ist keine Folge verf\u00fcgbar. Das liegt warscheinlich daran, dass wir unsere Sendungen immer nur 7 Tage als Podcast bereitstellen d\u00fcrfen. Wenn du den Podcast abonnierst, verpasst du keine Folge!<\/em><\/p>\n            <\/div>\n \n<hr>\n    <div  class=\"podcast_show\" id=\"wiphala-radio\">\n        <h3>\n            <div class=\"subscribe\">\n            \n<script>window.podcastDatabe1ea39e5bef9f = {\"title\":\"Wiphala Radio\",\"subtitle\":\"Kollektivo Iberoamerikano\",\"description\":\"Ein\\u201dheiliges Symbol handelt,das das Gemeinschaftssystem auf der Grundlage von Gerechtigkeit,Gleichheit,Harmonie,Solidarit\\u00e4t und Gegenseitigkeit kennzeichnet\\u201d . So wird die Wiphala in der Verfassung Boliviens beschrieben, in der sie seit 2009 als nationales Symbol anerkannt wird. Die \\u201cWiphala\\u201d ist eine viereckige Flagge mit sieben Farben, die von allem von den Andenv\\u00f6lkern verwendet wird.\\r\\n\\r\\nUnd Wiphala bedeutet in der \\u00dcberlieferung:\\u201d Der Triumph, der im Winde wert \\u201d!\\r\\n\\r\\nIn diesem Sinne wollen wir versuchen euch mit Wiphala Radio iberoamerikanischer Musik, Kultur und Politik n\\u00e4her zu bringen!\",\"cover\":\"https:\\\/\\\/www.radio-rum.de\\\/web\\\/podlove\\\/image\\\/68747470733a2f2f7777772e726164696f2d72756d2e64652f7765622f77702d636f6e74656e742f75706c6f6164732f323032342f30312f706f64636173746c6f676f2d72756d5f6c61686e2e6a7067\\\/400\\\/0\\\/0\\\/radio-unerhoert-marburg\",\"feeds\":[{\"type\":\"audio\",\"format\":\"mp3\",\"url\":\"https:\\\/\\\/www.radio-rum.de\\\/web\\\/show\\\/wiphala-radio\\\/feed\\\/mp3\\\/\",\"variant\":\"high\",\"directory-url-itunes\":\"https:\\\/\\\/podcasts.apple.com\\\/podcast\\\/id1441947321\"}]};<\/script>\n<script class=\"podlove-subscribe-button\" src=\"https:\/\/www.radio-rum.de\/web\/wp-content\/plugins\/podlove-podcasting-plugin-for-wordpress\/lib\/modules\/subscribe_button\/dist\/javascripts\/app.js\" data-json-data=\"podcastDatabe1ea39e5bef9f\" data-language=\"de\" data-size=\"small\" data-format=\"cover\" data-style=\"filled\" data-color=\"#f59c27\"> <\/script>\n\n            <\/div>\n            <a href=\"\/show\/wiphala-radio\/\">Wiphala Radio<\/a>\n        <\/h3>\n\n        <div class=\"subtitle\">Kollektivo Iberoamerikano<\/div>\n        <p class=\"summary\">Ein\u201dheiliges Symbol handelt,das das Gemeinschaftssystem auf der Grundlage von Gerechtigkeit,Gleichheit,Harmonie,Solidarit\u00e4t und Gegenseitigkeit kennzeichnet\u201d . So wird die Wiphala in der Verfassung Boliviens beschrieben, in der sie seit 2009 als nationales Symbol anerkannt wird. Die \u201cWiphala\u201d ist eine viereckige Flagge mit sieben Farben, die von allem von den Andenv\u00f6lkern verwendet wird.\r\n\r\nUnd Wiphala bedeutet in der \u00dcberlieferung:\u201d Der Triumph, der im Winde wert \u201d!\r\n\r\nIn diesem Sinne wollen wir versuchen euch mit Wiphala Radio iberoamerikanischer Musik, Kultur und Politik n\u00e4her zu bringen!<\/p>\n\n                                                                                                                                                                                                                                                                                                                                                                                                                                       <table>\n                <tbody>\n                                            <tr class=\"podcast_archive_element\">\n                            <td class=\"thumbnail\">\n                                \n<img loading=\"lazy\" decoding=\"async\" width=\"64\" height=\"64\" src=\"https:\/\/www.radio-rum.de\/web\/wp-content\/cache\/podlove\/33\/8dd5ffc8a54e1e77e7fdb78b53dbc0\/radio-unerhoert-marburg_64x64.jpg\" srcset=\"https:\/\/www.radio-rum.de\/web\/wp-content\/cache\/podlove\/33\/8dd5ffc8a54e1e77e7fdb78b53dbc0\/radio-unerhoert-marburg_64x64.jpg 1x, https:\/\/www.radio-rum.de\/web\/podlove\/image\/68747470733a2f2f7777772e726164696f2d72756d2e64652f7765622f77702d636f6e74656e742f75706c6f6164732f323032342f30312f706f64636173746c6f676f2d72756d5f6c61686e2e6a7067\/128\/0\/0\/radio-unerhoert-marburg 2x, https:\/\/www.radio-rum.de\/web\/podlove\/image\/68747470733a2f2f7777772e726164696f2d72756d2e64652f7765622f77702d636f6e74656e742f75706c6f6164732f323032342f30312f706f64636173746c6f676f2d72756d5f6c61686e2e6a7067\/192\/0\/0\/radio-unerhoert-marburg 3x\"\/>\n\n                            <\/td>\n                            <td class=\"date\">\n                                <span class=\"release_date\">\n                                    22. April 2026 17:16\n                                <\/span>\n                            <\/td>\n                            <td class=\"title\">\n                                <a href=\"https:\/\/www.radio-rum.de\/web\/podcast\/wiphala-radio-vom-21-04-2026\/\">\n                                    <strong>Wiphala Radio vom 21.04.2026<\/strong><br>\n                                    \n                                <\/a>\n                            <\/td>\n                            <td class=\"duration\">\n                                                                1:59:59\n                            <\/td>\n                        <\/tr>\n                                    <\/tbody>\n            <\/table>\n            <\/div>\n \n<hr>\n    <div  class=\"podcast_show\" id=\"zweiblickwinkel\">\n        <h3>\n            <div class=\"subscribe\">\n            \n<script>window.podcastData6d89ac1abe9e2e = {\"title\":\"ZweiBlickwinkel\",\"subtitle\":\"Freies Radio f\\u00fcr Marburg auf 90,1 MHz\",\"description\":\"Zwei Welten, ein Podcast.\\r\\nWas passiert, wenn ein blinder Mann und seine sehende Frau \\u00fcber Alltag, Liebe und Barrieren quatschen? Jede Menge ehrliche Einblicke, Lachanf\\u00e4lle und die Erkenntnis: Man kann dieselbe Welt mit ganz unterschiedlichen Augen sehen, oder eben auch mal gar nicht.\\r\\nSpoiler: Wir sind blind vor Liebe!\",\"cover\":\"https:\\\/\\\/www.radio-rum.de\\\/web\\\/podlove\\\/image\\\/68747470733a2f2f7777772e726164696f2d72756d2e64652f7765622f77702d636f6e74656e742f75706c6f6164732f323032342f30312f706f64636173746c6f676f2d72756d5f6c61686e2e6a7067\\\/400\\\/0\\\/0\\\/radio-unerhoert-marburg\",\"feeds\":[{\"type\":\"audio\",\"format\":\"mp3\",\"url\":\"https:\\\/\\\/www.radio-rum.de\\\/web\\\/show\\\/zweiblickwinkel\\\/feed\\\/mp3\\\/\",\"variant\":\"high\",\"directory-url-itunes\":\"https:\\\/\\\/podcasts.apple.com\\\/podcast\\\/id1441947321\"}]};<\/script>\n<script class=\"podlove-subscribe-button\" src=\"https:\/\/www.radio-rum.de\/web\/wp-content\/plugins\/podlove-podcasting-plugin-for-wordpress\/lib\/modules\/subscribe_button\/dist\/javascripts\/app.js\" data-json-data=\"podcastData6d89ac1abe9e2e\" data-language=\"de\" data-size=\"small\" data-format=\"cover\" data-style=\"filled\" data-color=\"#f59c27\"> <\/script>\n\n            <\/div>\n            <a href=\"\/show\/zweiblickwinkel\/\">ZweiBlickwinkel<\/a>\n        <\/h3>\n\n        <div class=\"subtitle\"><\/div>\n        <p class=\"summary\">Zwei Welten, ein Podcast.\r\nWas passiert, wenn ein blinder Mann und seine sehende Frau \u00fcber Alltag, Liebe und Barrieren quatschen? Jede Menge ehrliche Einblicke, Lachanf\u00e4lle und die Erkenntnis: Man kann dieselbe Welt mit ganz unterschiedlichen Augen sehen, oder eben auch mal gar nicht.\r\nSpoiler: Wir sind blind vor Liebe!<\/p>\n\n                                                                                                                                                                                                                                                                                                                                                                                                                                                                   <table>\n                <tbody>\n                                            <tr class=\"podcast_archive_element\">\n                            <td class=\"thumbnail\">\n                                \n<img loading=\"lazy\" decoding=\"async\" width=\"64\" height=\"64\" src=\"https:\/\/www.radio-rum.de\/web\/wp-content\/cache\/podlove\/33\/8dd5ffc8a54e1e77e7fdb78b53dbc0\/radio-unerhoert-marburg_64x64.jpg\" srcset=\"https:\/\/www.radio-rum.de\/web\/wp-content\/cache\/podlove\/33\/8dd5ffc8a54e1e77e7fdb78b53dbc0\/radio-unerhoert-marburg_64x64.jpg 1x, https:\/\/www.radio-rum.de\/web\/podlove\/image\/68747470733a2f2f7777772e726164696f2d72756d2e64652f7765622f77702d636f6e74656e742f75706c6f6164732f323032342f30312f706f64636173746c6f676f2d72756d5f6c61686e2e6a7067\/128\/0\/0\/radio-unerhoert-marburg 2x, https:\/\/www.radio-rum.de\/web\/podlove\/image\/68747470733a2f2f7777772e726164696f2d72756d2e64652f7765622f77702d636f6e74656e742f75706c6f6164732f323032342f30312f706f64636173746c6f676f2d72756d5f6c61686e2e6a7067\/192\/0\/0\/radio-unerhoert-marburg 3x\"\/>\n\n                            <\/td>\n                            <td class=\"date\">\n                                <span class=\"release_date\">\n                                    22. April 2026 18:00\n                                <\/span>\n                            <\/td>\n                            <td class=\"title\">\n                                <a href=\"https:\/\/www.radio-rum.de\/web\/podcast\/zwei-blickwinkel-vom-22-04-2026\/\">\n                                    <strong>Zwei Blickwinkel vom 22.04.2026<\/strong><br>\n                                    #36 M\u00fcssen Paare gleich sein?\n                                <\/a>\n                            <\/td>\n                            <td class=\"duration\">\n                                                                0:37:44\n                            <\/td>\n                        <\/tr>\n                                            <tr class=\"podcast_archive_element\">\n                            <td class=\"thumbnail\">\n                                \n<img loading=\"lazy\" decoding=\"async\" width=\"64\" height=\"64\" src=\"https:\/\/www.radio-rum.de\/web\/wp-content\/cache\/podlove\/33\/8dd5ffc8a54e1e77e7fdb78b53dbc0\/radio-unerhoert-marburg_64x64.jpg\" srcset=\"https:\/\/www.radio-rum.de\/web\/wp-content\/cache\/podlove\/33\/8dd5ffc8a54e1e77e7fdb78b53dbc0\/radio-unerhoert-marburg_64x64.jpg 1x, https:\/\/www.radio-rum.de\/web\/podlove\/image\/68747470733a2f2f7777772e726164696f2d72756d2e64652f7765622f77702d636f6e74656e742f75706c6f6164732f323032342f30312f706f64636173746c6f676f2d72756d5f6c61686e2e6a7067\/128\/0\/0\/radio-unerhoert-marburg 2x, https:\/\/www.radio-rum.de\/web\/podlove\/image\/68747470733a2f2f7777772e726164696f2d72756d2e64652f7765622f77702d636f6e74656e742f75706c6f6164732f323032342f30312f706f64636173746c6f676f2d72756d5f6c61686e2e6a7067\/192\/0\/0\/radio-unerhoert-marburg 3x\"\/>\n\n                            <\/td>\n                            <td class=\"date\">\n                                <span class=\"release_date\">\n                                    15. April 2026 17:30\n                                <\/span>\n                            <\/td>\n                            <td class=\"title\">\n                                <a href=\"https:\/\/www.radio-rum.de\/web\/podcast\/zwei-blickwinkel-vom-15-04-2026\/\">\n                                    <strong>Zwei Blickwinkel vom 15.04.2026<\/strong><br>\n                                    #35 Ein K\u00f6rper, der sich nicht richtig anf\u00fchlt\n                                <\/a>\n                            <\/td>\n                            <td class=\"duration\">\n                                                                0:25:48\n                            <\/td>\n                        <\/tr>\n                                    <\/tbody>\n            <\/table>\n            <\/div>\n\n<style type=\"text\/css\">\n.podcast_show {\n    padding-bottom: 3em;\n}\n.podcast_show h3 a {\n    color: #222;\n    text-decoration: none;\n}\n.podcast_show .subscribe {\n    float: right;\n}\n.podcast_show .subtitle {\n    font-weight: bold;\n}\n.podcast_show .summary {\n    font-size: 100%;\n}\n.podcast_archive_element .thumbnail {\n    width: 64px;\n    padding: 5px !important;\n}\n.podcast_archive_element td {\n    vertical-align: top;\n}\n<\/style>\n","protected":false},"excerpt":{"rendered":"<p>Du hast die M\u00f6glichkeit alle unsere Sendungen als Podcast zu abonnieren, wenn du aber nur einzelne Sendungen abonnieren m\u00f6chtest, findet du hier die \u00dcbersicht \u00fcber alle unsere Podcastfeeds. Mit dem &#8220;Abonnieren&#8221;-Button k\u00f6nnen Sendungen bequem als Podcast abonniert werden.<\/p>\n","protected":false},"author":1,"featured_media":0,"parent":0,"menu_order":0,"comment_status":"closed","ping_status":"closed","template":"template-onecolumn.php","meta":{"footnotes":""},"class_list":["post-199081","page","type-page","status-publish","hentry","nodate","item-wrap"],"publishpress_future_action":{"enabled":false,"date":"2026-05-05 09:43:35","action":"change-status","newStatus":"draft","terms":[],"taxonomy":"","extraData":[]},"publishpress_future_workflow_manual_trigger":{"enabledWorkflows":[]},"_links":{"self":[{"href":"https:\/\/www.radio-rum.de\/web\/wp-json\/wp\/v2\/pages\/199081","targetHints":{"allow":["GET"]}}],"collection":[{"href":"https:\/\/www.radio-rum.de\/web\/wp-json\/wp\/v2\/pages"}],"about":[{"href":"https:\/\/www.radio-rum.de\/web\/wp-json\/wp\/v2\/types\/page"}],"author":[{"embeddable":true,"href":"https:\/\/www.radio-rum.de\/web\/wp-json\/wp\/v2\/users\/1"}],"replies":[{"embeddable":true,"href":"https:\/\/www.radio-rum.de\/web\/wp-json\/wp\/v2\/comments?post=199081"}],"version-history":[{"count":3,"href":"https:\/\/www.radio-rum.de\/web\/wp-json\/wp\/v2\/pages\/199081\/revisions"}],"predecessor-version":[{"id":199151,"href":"https:\/\/www.radio-rum.de\/web\/wp-json\/wp\/v2\/pages\/199081\/revisions\/199151"}],"wp:attachment":[{"href":"https:\/\/www.radio-rum.de\/web\/wp-json\/wp\/v2\/media?parent=199081"}],"curies":[{"name":"wp","href":"https:\/\/api.w.org\/{rel}","templated":true}]}}