{"id":781,"date":"2023-07-22T09:30:59","date_gmt":"2023-07-22T07:30:59","guid":{"rendered":"https:\/\/www.radio-rum.de\/web\/?page_id=781"},"modified":"2023-07-22T09:30:59","modified_gmt":"2023-07-22T07:30:59","slug":"sendeplatzantrag","status":"publish","type":"page","link":"https:\/\/www.radio-rum.de\/web\/sendeplatzantrag\/","title":{"rendered":"Sendeplatzantrag"},"content":{"rendered":"<p>Das musst du bei einem Offenen Sendeplatz beachten:<\/p>\n<ul>\n<li>Jedes Mitglied kann Offene Sendepl\u00e4tze belegen.<\/li>\n<li>Offene Sendepl\u00e4tze k\u00f6nnen auch von Nicht-Mitgliedern belegt werden.<\/li>\n<\/ul>\n<p>&nbsp;<\/p>\n<p><strong>Beantragen eines Offenen Sendeplatzes:<\/strong><\/p>\n<ul>\n<li>Schau oder frag, wann ein Sendeplatz frei ist. (Offene Sendepl\u00e4tze kannst du im Sendeplan, im Programmheft und im B\u00fcroflur einsehen. Das Programmheft ist auch online zu finden.)<\/li>\n<li>F\u00fcll den <a href=\"https:\/\/www.radio-rum.de\/web\/wp-content\/uploads\/2023\/07\/Offener-Sendeplatzantrag.pdf\">Offener-Sendeplatzantrag<\/a>\u00a0aus. Bei Fragen schreib eine Mail an <strong>proko@radio-rum.de<\/strong> oder ruf an. Wir helfen gerne weiter.<\/li>\n<li>Sende den Antrag per Mail an <strong>proko@radio-rum.de<\/strong> oder wirf ihn in den Briefkasten im B\u00fcroflur.<\/li>\n<li>Du bekommst eine Mail, wenn alles funktioniert oder eine Mail, falls der Platz bereits belegt ist.<\/li>\n<li>Falls du deine Sendung bereits vorproduziert hast und sie uns als MP3 schicken willst, ist es wichtig, dass die Datei eine konstante Bitrate hat, sonst wird deine Sendung ggf. automatisch abgeschnitten. Wir \u00fcbernehmen keine Verantwortung daf\u00fcr und pr\u00fcfen es auch nicht nochmal nach.<\/li>\n<\/ul>\n<p>&nbsp;<\/p>\n<p><strong>Senden im Offenen Sendeplatz:<\/strong><\/p>\n<p>DU bist verantwortlich f\u00fcr deinen Sendeplatz und deine Sendung (Ablauf, Technik, Sendezeit, Inhalt)!<\/p>\n<p><strong>Vorher:<\/strong><\/p>\n<ul>\n<li>Falls du \u2013 aus welchem Grund auch immer -, die Sendung nicht machen kannst, sorge bitte selbstst\u00e4ndig f\u00fcr Ersatz oder sag uns fr\u00fchzeitig Bescheid. Solltest du allerdings keine Antwort erhalten, musst du dich um Ersatz k\u00fcmmern!<\/li>\n<li>Sorge bitte selbst f\u00fcr eine Einf\u00fchrung in die Technik. Wir bieten einen Einf\u00fchrungsworkshop an. Dieser findet alle 3 Monate jeweils am 2. Wochenende statt. Du kannst dich auf der Homepage daf\u00fcr verbindlich anmelden.<\/li>\n<li>Sorge bitte selbst daf\u00fcr, dass Du ins Funkhaus hineinkommst. Hierzu ben\u00f6tigst Du entweder eine Person, die Dir aufschlie\u00dft, oder einen Transponder f\u00fcr unser Schlie\u00dfsystem.<\/li>\n<li>Alle Sendungsmacher*innen sind presserechtlich verantwortlich daf\u00fcr, dass das Programm von Radio Unerh\u00f6rt dokumentiert wird. Das wird automatisch \u00fcber eine Sendeautomatik (\u2018Jukebox\u2019-PC) sichergestellt.<\/li>\n<li>Achte darauf, ob und wann deine Sendung wiederholt wird. Auch das wird automatisch \u00fcber den \u2018Jukebox\u2019-PC geregelt. Voraussetzung ist allerdings, dass die Sendung von der Programmkoordination in die \u2018Jukebox\u2019 eingetragen ist. Erkundigen kannst Du Dich unter \u00a0\u00a0 \u00a0\u00a0 \u00a0\u00a0proko@radio-rum.de.<\/li>\n<li>Deinen privaten Mitschnitt kannst du gleichzeitig auf einem der SSR in den Studios machen. Dieser kann SD-Karten und USB-Sticks bespielen.<\/li>\n<\/ul>\n<p>&nbsp;<\/p>\n<p><strong>Nachher:<\/strong><\/p>\n<ul>\n<li>Wenn du M\u00e4ngel an der Technik feststellst, teile diese der Technik-AG mit (technik@radio-rum.de). Bitte bastele niemals eigenh\u00e4ndig an Ger\u00e4ten oder Kabeln RUM!<\/li>\n<li>Bitte sichere das 24-Stunden-Vollprogramm von RUM: Ziehe unbedingt nach deiner Sendung den Regler am Mischpult hoch, wo WDH\/Endlosband drauf steht.<\/li>\n<li>Falls du der\/die letzte im Haus bist, verschlie\u00dfe alle Fenster und T\u00fcren, bevor du gehst!<\/li>\n<\/ul>\n<p>&nbsp;<\/p>\n<p>Das mag alles erst mal viel aussehen, allerdings werden die Handgriffe und Abl\u00e4ufe bald von alleine funktionieren! Bei Fragen frag!<\/p>\n<p>F\u00fcr Anregungen sind wir offen: Schreib eine Mail an mail@radio-rum.de<\/p>\n<p>Aber erst einmal viel Spa\u00df bei deiner eigenen Sendung!<\/p>\n<p><strong>Du willst noch keine komplette Sendung machen, sondern hast Kurzberichte, die du ausstrahlen willst? Dann sende ihn an\u00a0rumma@rum901.de . Dann erscheint er beim RUM-Magazin. Mehr Infos -&gt; RUMMA<\/strong><\/p>\n","protected":false},"excerpt":{"rendered":"<p>Das musst du bei einem Offenen Sendeplatz beachten: Jedes Mitglied kann Offene Sendepl\u00e4tze belegen. Offene Sendepl\u00e4tze k\u00f6nnen auch von Nicht-Mitgliedern belegt werden. &nbsp; Beantragen eines Offenen Sendeplatzes: Schau oder frag, wann ein Sendeplatz frei ist. (Offene Sendepl\u00e4tze kannst du im Sendeplan, im Programmheft und im B\u00fcroflur einsehen. Das Programmheft ist auch online zu finden.) F\u00fcll &hellip; <\/p>\n<p><a class=\"more-link btn\" href=\"https:\/\/www.radio-rum.de\/web\/sendeplatzantrag\/\">Weiterlesen<\/a><\/p>\n","protected":false},"author":1,"featured_media":0,"parent":0,"menu_order":0,"comment_status":"closed","ping_status":"closed","template":"","meta":{"footnotes":""},"class_list":["post-781","page","type-page","status-publish","hentry","nodate","item-wrap"],"publishpress_future_action":{"enabled":false,"date":"2026-05-09 08:55:16","action":"change-status","newStatus":"draft","terms":[],"taxonomy":"","extraData":[]},"publishpress_future_workflow_manual_trigger":{"enabledWorkflows":[]},"_links":{"self":[{"href":"https:\/\/www.radio-rum.de\/web\/wp-json\/wp\/v2\/pages\/781","targetHints":{"allow":["GET"]}}],"collection":[{"href":"https:\/\/www.radio-rum.de\/web\/wp-json\/wp\/v2\/pages"}],"about":[{"href":"https:\/\/www.radio-rum.de\/web\/wp-json\/wp\/v2\/types\/page"}],"author":[{"embeddable":true,"href":"https:\/\/www.radio-rum.de\/web\/wp-json\/wp\/v2\/users\/1"}],"replies":[{"embeddable":true,"href":"https:\/\/www.radio-rum.de\/web\/wp-json\/wp\/v2\/comments?post=781"}],"version-history":[{"count":0,"href":"https:\/\/www.radio-rum.de\/web\/wp-json\/wp\/v2\/pages\/781\/revisions"}],"wp:attachment":[{"href":"https:\/\/www.radio-rum.de\/web\/wp-json\/wp\/v2\/media?parent=781"}],"curies":[{"name":"wp","href":"https:\/\/api.w.org\/{rel}","templated":true}]}}